{"id":488384,"date":"2022-04-30T16:15:15","date_gmt":"2022-04-30T14:15:15","guid":{"rendered":"https:\/\/www.aflahaye.nl\/?page_id=488384"},"modified":"2025-07-02T12:45:24","modified_gmt":"2025-07-02T10:45:24","slug":"startpagina-2","status":"publish","type":"page","link":"https:\/\/www.aflahaye.nl\/nl\/","title":{"rendered":"Home"},"content":{"rendered":"<div class=\"wpb-content-wrapper\"><p>[vc_row full_width=&#8221;stretch_row&#8221; css=&#8221;.vc_custom_1680603034140{margin-bottom: 0px !important;background-position: center !important;background-repeat: no-repeat !important;background-size: cover !important;}&#8221;][vc_column][vc_column_text css=&#8221;&#8221;]<\/p>\n<h2 style=\"text-align: center;\"><span style=\"color: #333300;\">\u00e0 la une<\/span><\/h2>\n<p>&nbsp;[\/vc_column_text]<div id=\"style-d7f2663\" data-style-uid=\"d7f2663\" class=\"blog blog-style-justified-3x justified-style-1 inline-row clearfix item-animation-move-up pagination-disable\" data-next-page=\"2\" data-pages-count=\"2\">\n<article id=\"post-512341\" class=\"col-lg-4 col-md-4 col-sm-6 col-xs-6 inline-column item-animations-not-inited post-512341 post type-post status-publish format-standard has-post-thumbnail category-une-nl category-vie-de-lalliance-nl\"> <div class=\"post-content-wrapper\" style=\"\"> <div class=\"post-image\"><div class=\"post-featured-content\"><a href=\"https:\/\/www.aflahaye.nl\/nl\/intensieve-zomercursus-geef-je-frans-in-twee-weken-een-boost\/\"> <picture> <img src=\"https:\/\/www.aflahaye.nl\/wp-content\/uploads\/2026\/04\/SPECIAL-ALUMNI-OFFER-Share-French.-Save-10-thegem-blog-justified.jpg\" width=\"640\" height=\"480\" class=\"img-responsive\" alt=\"SPECIAL ALUMNI OFFER Share French. Save 10%.\" \/> <\/picture> <\/a><\/div><\/div> <div class=\"description\"> <div class=\"post-meta-conteiner\"> <div class=\"post-meta-right\"> <\/div> <\/div> <div class=\"post-title\"> <div class=\"entry-title title-h4\"><a href=\"https:\/\/www.aflahaye.nl\/nl\/intensieve-zomercursus-geef-je-frans-in-twee-weken-een-boost\/\" rel=\"bookmark\"><span class=\"light\">Intensieve zomercursus: geef je Frans in twee weken een boost!<\/span><\/a><\/div> <\/div> <div class=\"post-text\"> <div class=\"summary\"> <\/div> <\/div> <div class=\"info clearfix\"> <div class=\"post-footer-sharing\"><div class=\"gem-button-container gem-button-position-inline thegem-button-69f48cd7f2b5f7036\" ><a class=\"gem-button gem-button-size-tiny gem-button-style-flat gem-button-text-weight-normal gem-button-empty\" data-ll-effect=\"drop-right-without-wrap\" style=\"border-radius: 3px;\" onmouseleave=\"\" onmouseenter=\"\" href=\"#\" target=\"_self\" role=\"button\" aria-label=\"Share\"><i class=\"gem-print-icon gem-icon-pack-thegem-icons gem-icon-share \"><\/i><\/a><\/div> <div class=\"sharing-popup\"> <div class=\"socials-sharing socials socials-colored-hover\"> <a class=\"socials-item\" target=\"_blank\" href=\"https:\/\/www.facebook.com\/sharer\/sharer.php?u=https%3A%2F%2Fwww.aflahaye.nl%2Fnl%2Fintensieve-zomercursus-geef-je-frans-in-twee-weken-een-boost%2F\" title=\"Facebook\"><i class=\"socials-item-icon facebook\"><\/i><\/a> <a class=\"socials-item\" target=\"_blank\" href=\"https:\/\/twitter.com\/intent\/tweet?text=Intensieve+zomercursus%3A+geef+je+Frans+in+twee+weken+een+boost%21&#038;url=https%3A%2F%2Fwww.aflahaye.nl%2Fnl%2Fintensieve-zomercursus-geef-je-frans-in-twee-weken-een-boost%2F\" title=\"Twitter\"><i class=\"socials-item-icon twitter\"><\/i><\/a> <a class=\"socials-item\" target=\"_blank\" href=\"https:\/\/pinterest.com\/pin\/create\/button\/?url=https%3A%2F%2Fwww.aflahaye.nl%2Fnl%2Fintensieve-zomercursus-geef-je-frans-in-twee-weken-een-boost%2F&#038;description=Intensieve+zomercursus%3A+geef+je+Frans+in+twee+weken+een+boost%21&#038;media=https%3A%2F%2Fwww.aflahaye.nl%2Fwp-content%2Fuploads%2F2026%2F04%2FSPECIAL-ALUMNI-OFFER-Share-French.-Save-10-thegem-blog-timeline-large.jpg\" title=\"Pinterest\"><i class=\"socials-item-icon pinterest\"><\/i><\/a> <a class=\"socials-item\" target=\"_blank\" href=\"https:\/\/www.tumblr.com\/widgets\/share\/tool?canonicalUrl=https%3A%2F%2Fwww.aflahaye.nl%2Fnl%2Fintensieve-zomercursus-geef-je-frans-in-twee-weken-een-boost%2F\" title=\"Tumblr\"><i class=\"socials-item-icon tumblr\"><\/i><\/a> <a class=\"socials-item\" target=\"_blank\" href=\"https:\/\/www.linkedin.com\/shareArticle?mini=true&#038;url=https%3A%2F%2Fwww.aflahaye.nl%2Fnl%2Fintensieve-zomercursus-geef-je-frans-in-twee-weken-een-boost%2F&#038;title=Intensieve+zomercursus%3A+geef+je+Frans+in+twee+weken+een+boost%21&amp;summary=%26%2313%3B+En+wat+als+je+deze+zomer+zou+benutten+om+een+echte+sprong+te+maken+in+het+Frans%E2%80%A6+zonder+je...\" title=\"LinkedIn\"><i class=\"socials-item-icon linkedin\"><\/i><\/a> <a class=\"socials-item\" target=\"_blank\" href=\"https:\/\/www.reddit.com\/submit?url=https%3A%2F%2Fwww.aflahaye.nl%2Fnl%2Fintensieve-zomercursus-geef-je-frans-in-twee-weken-een-boost%2F&#038;title=Intensieve+zomercursus%3A+geef+je+Frans+in+twee+weken+een+boost%21\" title=\"Reddit\"><i class=\"socials-item-icon reddit\"><\/i><\/a> <\/div> <svg class=\"sharing-styled-arrow\"><use xlink:href=\"https:\/\/www.aflahaye.nl\/wp-content\/themes\/thegem\/css\/post-arrow.svg#dec-post-arrow\"><\/use><\/svg><\/div><\/div> <div class=\"post-read-more\"><div class=\"gem-button-container gem-button-position-inline thegem-button-69f48cd7f38686033\" ><a class=\"gem-button gem-button-size-tiny gem-button-style-outline gem-button-text-weight-normal gem-button-border-2\" data-ll-effect=\"drop-right-without-wrap\" style=\"border-radius: 3px;\" onmouseleave=\"\" onmouseenter=\"\" href=\"https:\/\/www.aflahaye.nl\/nl\/intensieve-zomercursus-geef-je-frans-in-twee-weken-een-boost\/\" target=\"_self\">Meer Lezen<\/a><\/div> <\/div> <\/div> <\/div> <\/div>\n<\/article> <article id=\"post-512306\" class=\"col-lg-4 col-md-4 col-sm-6 col-xs-6 inline-column item-animations-not-inited post-512306 post type-post status-publish format-standard has-post-thumbnail category-une-nl category-vie-de-lalliance-nl\"> <div class=\"post-content-wrapper\" style=\"\"> <div class=\"post-image\"><div class=\"post-featured-content\"><a href=\"https:\/\/www.aflahaye.nl\/nl\/electre-laatste-toon-van-de-trilogie-6-7-en-8-mei-2026\/\"> <picture> <img src=\"https:\/\/www.aflahaye.nl\/wp-content\/uploads\/2026\/04\/os9rpfwxcptvzcuchdby-thegem-blog-justified.jpg\" width=\"640\" height=\"480\" class=\"img-responsive\" alt=\"os9rpfwxcptvzcuchdby\" \/> <\/picture> <\/a><\/div><\/div> <div class=\"description\"> <div class=\"post-meta-conteiner\"> <div class=\"post-meta-right\"> <\/div> <\/div> <div class=\"post-title\"> <div class=\"entry-title title-h4\"><a href=\"https:\/\/www.aflahaye.nl\/nl\/electre-laatste-toon-van-de-trilogie-6-7-en-8-mei-2026\/\" rel=\"bookmark\"><span class=\"light\">ELECTRE \u2013 LAATSTE TOON VAN DE TRILOGIE: 6, 7 en 8 MEI 2026<\/span><\/a><\/div> <\/div> <div class=\"post-text\"> <div class=\"summary\"> <\/div> <\/div> <div class=\"info clearfix\"> <div class=\"post-footer-sharing\"><div class=\"gem-button-container gem-button-position-inline thegem-button-69f48cd80060a7733\" ><a class=\"gem-button gem-button-size-tiny gem-button-style-flat gem-button-text-weight-normal gem-button-empty\" data-ll-effect=\"drop-right-without-wrap\" style=\"border-radius: 3px;\" onmouseleave=\"\" onmouseenter=\"\" href=\"#\" target=\"_self\" role=\"button\" aria-label=\"Share\"><i class=\"gem-print-icon gem-icon-pack-thegem-icons gem-icon-share \"><\/i><\/a><\/div> <div class=\"sharing-popup\"> <div class=\"socials-sharing socials socials-colored-hover\"> <a class=\"socials-item\" target=\"_blank\" href=\"https:\/\/www.facebook.com\/sharer\/sharer.php?u=https%3A%2F%2Fwww.aflahaye.nl%2Fnl%2Felectre-laatste-toon-van-de-trilogie-6-7-en-8-mei-2026%2F\" title=\"Facebook\"><i class=\"socials-item-icon facebook\"><\/i><\/a> <a class=\"socials-item\" target=\"_blank\" href=\"https:\/\/twitter.com\/intent\/tweet?text=ELECTRE+%E2%80%93+LAATSTE+TOON+VAN+DE+TRILOGIE%3A+6%2C+7+en+8+MEI+2026&#038;url=https%3A%2F%2Fwww.aflahaye.nl%2Fnl%2Felectre-laatste-toon-van-de-trilogie-6-7-en-8-mei-2026%2F\" title=\"Twitter\"><i class=\"socials-item-icon twitter\"><\/i><\/a> <a class=\"socials-item\" target=\"_blank\" href=\"https:\/\/pinterest.com\/pin\/create\/button\/?url=https%3A%2F%2Fwww.aflahaye.nl%2Fnl%2Felectre-laatste-toon-van-de-trilogie-6-7-en-8-mei-2026%2F&#038;description=ELECTRE+%E2%80%93+LAATSTE+TOON+VAN+DE+TRILOGIE%3A+6%2C+7+en+8+MEI+2026&#038;media=https%3A%2F%2Fwww.aflahaye.nl%2Fwp-content%2Fuploads%2F2026%2F04%2Fos9rpfwxcptvzcuchdby-thegem-blog-timeline-large.jpg\" title=\"Pinterest\"><i class=\"socials-item-icon pinterest\"><\/i><\/a> <a class=\"socials-item\" target=\"_blank\" href=\"https:\/\/www.tumblr.com\/widgets\/share\/tool?canonicalUrl=https%3A%2F%2Fwww.aflahaye.nl%2Fnl%2Felectre-laatste-toon-van-de-trilogie-6-7-en-8-mei-2026%2F\" title=\"Tumblr\"><i class=\"socials-item-icon tumblr\"><\/i><\/a> <a class=\"socials-item\" target=\"_blank\" href=\"https:\/\/www.linkedin.com\/shareArticle?mini=true&#038;url=https%3A%2F%2Fwww.aflahaye.nl%2Fnl%2Felectre-laatste-toon-van-de-trilogie-6-7-en-8-mei-2026%2F&#038;title=ELECTRE+%E2%80%93+LAATSTE+TOON+VAN+DE+TRILOGIE%3A+6%2C+7+en+8+MEI+2026&amp;summary=IMMERSE+ZELF+IN+DE+LAATSTE+HANDELING+VAN+DE+GRIEKSE+TRAGEDIE+IN+MEI+n+mei+sluit+het+Th%C3%A9%C3%A2tre+de+l%26%238217%3BAvalanche+zijn...\" title=\"LinkedIn\"><i class=\"socials-item-icon linkedin\"><\/i><\/a> <a class=\"socials-item\" target=\"_blank\" href=\"https:\/\/www.reddit.com\/submit?url=https%3A%2F%2Fwww.aflahaye.nl%2Fnl%2Felectre-laatste-toon-van-de-trilogie-6-7-en-8-mei-2026%2F&#038;title=ELECTRE+%E2%80%93+LAATSTE+TOON+VAN+DE+TRILOGIE%3A+6%2C+7+en+8+MEI+2026\" title=\"Reddit\"><i class=\"socials-item-icon reddit\"><\/i><\/a> <\/div> <svg class=\"sharing-styled-arrow\"><use xlink:href=\"https:\/\/www.aflahaye.nl\/wp-content\/themes\/thegem\/css\/post-arrow.svg#dec-post-arrow\"><\/use><\/svg><\/div><\/div> <div class=\"post-read-more\"><div class=\"gem-button-container gem-button-position-inline thegem-button-69f48cd80107f5392\" ><a class=\"gem-button gem-button-size-tiny gem-button-style-outline gem-button-text-weight-normal gem-button-border-2\" data-ll-effect=\"drop-right-without-wrap\" style=\"border-radius: 3px;\" onmouseleave=\"\" onmouseenter=\"\" href=\"https:\/\/www.aflahaye.nl\/nl\/electre-laatste-toon-van-de-trilogie-6-7-en-8-mei-2026\/\" target=\"_self\">Meer Lezen<\/a><\/div> <\/div> <\/div> <\/div> <\/div>\n<\/article> <article id=\"post-512315\" class=\"col-lg-4 col-md-4 col-sm-6 col-xs-6 inline-column item-animations-not-inited post-512315 post type-post status-publish format-standard has-post-thumbnail category-une-nl category-vie-de-lalliance-nl\"> <div class=\"post-content-wrapper\" style=\"\"> <div class=\"post-image\"><div class=\"post-featured-content\"><a href=\"https:\/\/www.aflahaye.nl\/nl\/europa-dag-2026-bij-de-alliance-francaise-in-den-haag\/\"> <picture> <img src=\"https:\/\/www.aflahaye.nl\/wp-content\/uploads\/2026\/04\/9-mai-2026-journee-de-lEurope-thegem-blog-justified.png\" width=\"640\" height=\"480\" class=\"img-responsive\" alt=\"9 mai 2026 journ\u00e9e de l&#039;Europe\" \/> <\/picture> <\/a><\/div><\/div> <div class=\"description\"> <div class=\"post-meta-conteiner\"> <div class=\"post-meta-right\"> <\/div> <\/div> <div class=\"post-title\"> <div class=\"entry-title title-h4\"><a href=\"https:\/\/www.aflahaye.nl\/nl\/europa-dag-2026-bij-de-alliance-francaise-in-den-haag\/\" rel=\"bookmark\"><span class=\"light\">EUROPA DAG 2026 bij de Alliance Fran\u00e7aise in Den Haag !<\/span><\/a><\/div> <\/div> <div class=\"post-text\"> <div class=\"summary\"> <\/div> <\/div> <div class=\"info clearfix\"> <div class=\"post-footer-sharing\"><div class=\"gem-button-container gem-button-position-inline thegem-button-69f48cd8022931179\" ><a class=\"gem-button gem-button-size-tiny gem-button-style-flat gem-button-text-weight-normal gem-button-empty\" data-ll-effect=\"drop-right-without-wrap\" style=\"border-radius: 3px;\" onmouseleave=\"\" onmouseenter=\"\" href=\"#\" target=\"_self\" role=\"button\" aria-label=\"Share\"><i class=\"gem-print-icon gem-icon-pack-thegem-icons gem-icon-share \"><\/i><\/a><\/div> <div class=\"sharing-popup\"> <div class=\"socials-sharing socials socials-colored-hover\"> <a class=\"socials-item\" target=\"_blank\" href=\"https:\/\/www.facebook.com\/sharer\/sharer.php?u=https%3A%2F%2Fwww.aflahaye.nl%2Fnl%2Feuropa-dag-2026-bij-de-alliance-francaise-in-den-haag%2F\" title=\"Facebook\"><i class=\"socials-item-icon facebook\"><\/i><\/a> <a class=\"socials-item\" target=\"_blank\" href=\"https:\/\/twitter.com\/intent\/tweet?text=EUROPA+DAG+2026+bij+de+Alliance+Fran%C3%A7aise+in+Den+Haag+%21&#038;url=https%3A%2F%2Fwww.aflahaye.nl%2Fnl%2Feuropa-dag-2026-bij-de-alliance-francaise-in-den-haag%2F\" title=\"Twitter\"><i class=\"socials-item-icon twitter\"><\/i><\/a> <a class=\"socials-item\" target=\"_blank\" href=\"https:\/\/pinterest.com\/pin\/create\/button\/?url=https%3A%2F%2Fwww.aflahaye.nl%2Fnl%2Feuropa-dag-2026-bij-de-alliance-francaise-in-den-haag%2F&#038;description=EUROPA+DAG+2026+bij+de+Alliance+Fran%C3%A7aise+in+Den+Haag+%21&#038;media=https%3A%2F%2Fwww.aflahaye.nl%2Fwp-content%2Fuploads%2F2026%2F04%2F9-mai-2026-journee-de-lEurope-thegem-blog-timeline-large.png\" title=\"Pinterest\"><i class=\"socials-item-icon pinterest\"><\/i><\/a> <a class=\"socials-item\" target=\"_blank\" href=\"https:\/\/www.tumblr.com\/widgets\/share\/tool?canonicalUrl=https%3A%2F%2Fwww.aflahaye.nl%2Fnl%2Feuropa-dag-2026-bij-de-alliance-francaise-in-den-haag%2F\" title=\"Tumblr\"><i class=\"socials-item-icon tumblr\"><\/i><\/a> <a class=\"socials-item\" target=\"_blank\" href=\"https:\/\/www.linkedin.com\/shareArticle?mini=true&#038;url=https%3A%2F%2Fwww.aflahaye.nl%2Fnl%2Feuropa-dag-2026-bij-de-alliance-francaise-in-den-haag%2F&#038;title=EUROPA+DAG+2026+bij+de+Alliance+Fran%C3%A7aise+in+Den+Haag+%21&amp;summary=%F0%9F%8C%8D+Europadag+2026+bij+de+Alliance+Fran%C3%A7aise+in+Den+Haag+%21+Alliance+Fran%C3%A7aise+de+La+Haye+%7C+Gratis+toegang+%7C...\" title=\"LinkedIn\"><i class=\"socials-item-icon linkedin\"><\/i><\/a> <a class=\"socials-item\" target=\"_blank\" href=\"https:\/\/www.reddit.com\/submit?url=https%3A%2F%2Fwww.aflahaye.nl%2Fnl%2Feuropa-dag-2026-bij-de-alliance-francaise-in-den-haag%2F&#038;title=EUROPA+DAG+2026+bij+de+Alliance+Fran%C3%A7aise+in+Den+Haag+%21\" title=\"Reddit\"><i class=\"socials-item-icon reddit\"><\/i><\/a> <\/div> <svg class=\"sharing-styled-arrow\"><use xlink:href=\"https:\/\/www.aflahaye.nl\/wp-content\/themes\/thegem\/css\/post-arrow.svg#dec-post-arrow\"><\/use><\/svg><\/div><\/div> <div class=\"post-read-more\"><div class=\"gem-button-container gem-button-position-inline thegem-button-69f48cd802b091268\" ><a class=\"gem-button gem-button-size-tiny gem-button-style-outline gem-button-text-weight-normal gem-button-border-2\" data-ll-effect=\"drop-right-without-wrap\" style=\"border-radius: 3px;\" onmouseleave=\"\" onmouseenter=\"\" href=\"https:\/\/www.aflahaye.nl\/nl\/europa-dag-2026-bij-de-alliance-francaise-in-den-haag\/\" target=\"_self\">Meer Lezen<\/a><\/div> <\/div> <\/div> <\/div> <\/div>\n<\/article> <article id=\"post-512064\" class=\"col-lg-4 col-md-4 col-sm-6 col-xs-6 inline-column item-animations-not-inited post-512064 post type-post status-publish format-standard has-post-thumbnail category-une-nl category-vie-de-lalliance-nl\"> <div class=\"post-content-wrapper\" style=\"\"> <div class=\"post-image\"><div class=\"post-featured-content\"><a href=\"https:\/\/www.aflahaye.nl\/nl\/ontwikkel-uw-carriere-in-het-frans-cursussen-afgestemd-op-de-professionele-wereld-in-den-haag\/\"> <picture> <img src=\"https:\/\/www.aflahaye.nl\/wp-content\/uploads\/2026\/04\/Image-16-04-2026-at-18.09-thegem-blog-justified.jpeg\" width=\"492\" height=\"480\" class=\"img-responsive\" alt=\"Image 16-04-2026 at 18.09\" \/> <\/picture> <\/a><\/div><\/div> <div class=\"description\"> <div class=\"post-meta-conteiner\"> <div class=\"post-meta-right\"> <\/div> <\/div> <div class=\"post-title\"> <div class=\"entry-title title-h4\"><a href=\"https:\/\/www.aflahaye.nl\/nl\/ontwikkel-uw-carriere-in-het-frans-cursussen-afgestemd-op-de-professionele-wereld-in-den-haag\/\" rel=\"bookmark\"><span class=\"light\">Ontwikkel uw carri\u00e8re in het Frans: cursussen afgestemd op de professionele wereld in Den Haag<\/span><\/a><\/div> <\/div> <div class=\"post-text\"> <div class=\"summary\"> <\/div> <\/div> <div class=\"info clearfix\"> <div class=\"post-footer-sharing\"><div class=\"gem-button-container gem-button-position-inline thegem-button-69f48cd803ca53948\" ><a class=\"gem-button gem-button-size-tiny gem-button-style-flat gem-button-text-weight-normal gem-button-empty\" data-ll-effect=\"drop-right-without-wrap\" style=\"border-radius: 3px;\" onmouseleave=\"\" onmouseenter=\"\" href=\"#\" target=\"_self\" role=\"button\" aria-label=\"Share\"><i class=\"gem-print-icon gem-icon-pack-thegem-icons gem-icon-share \"><\/i><\/a><\/div> <div class=\"sharing-popup\"> <div class=\"socials-sharing socials socials-colored-hover\"> <a class=\"socials-item\" target=\"_blank\" href=\"https:\/\/www.facebook.com\/sharer\/sharer.php?u=https%3A%2F%2Fwww.aflahaye.nl%2Fnl%2Fontwikkel-uw-carriere-in-het-frans-cursussen-afgestemd-op-de-professionele-wereld-in-den-haag%2F\" title=\"Facebook\"><i class=\"socials-item-icon facebook\"><\/i><\/a> <a class=\"socials-item\" target=\"_blank\" href=\"https:\/\/twitter.com\/intent\/tweet?text=Ontwikkel+uw+carri%C3%A8re+in+het+Frans%3A+cursussen+afgestemd+op+de+professionele+wereld+in+Den+Haag&#038;url=https%3A%2F%2Fwww.aflahaye.nl%2Fnl%2Fontwikkel-uw-carriere-in-het-frans-cursussen-afgestemd-op-de-professionele-wereld-in-den-haag%2F\" title=\"Twitter\"><i class=\"socials-item-icon twitter\"><\/i><\/a> <a class=\"socials-item\" target=\"_blank\" href=\"https:\/\/pinterest.com\/pin\/create\/button\/?url=https%3A%2F%2Fwww.aflahaye.nl%2Fnl%2Fontwikkel-uw-carriere-in-het-frans-cursussen-afgestemd-op-de-professionele-wereld-in-den-haag%2F&#038;description=Ontwikkel+uw+carri%C3%A8re+in+het+Frans%3A+cursussen+afgestemd+op+de+professionele+wereld+in+Den+Haag&#038;media=https%3A%2F%2Fwww.aflahaye.nl%2Fwp-content%2Fuploads%2F2026%2F04%2FImage-16-04-2026-at-18.09.jpeg\" title=\"Pinterest\"><i class=\"socials-item-icon pinterest\"><\/i><\/a> <a class=\"socials-item\" target=\"_blank\" href=\"https:\/\/www.tumblr.com\/widgets\/share\/tool?canonicalUrl=https%3A%2F%2Fwww.aflahaye.nl%2Fnl%2Fontwikkel-uw-carriere-in-het-frans-cursussen-afgestemd-op-de-professionele-wereld-in-den-haag%2F\" title=\"Tumblr\"><i class=\"socials-item-icon tumblr\"><\/i><\/a> <a class=\"socials-item\" target=\"_blank\" href=\"https:\/\/www.linkedin.com\/shareArticle?mini=true&#038;url=https%3A%2F%2Fwww.aflahaye.nl%2Fnl%2Fontwikkel-uw-carriere-in-het-frans-cursussen-afgestemd-op-de-professionele-wereld-in-den-haag%2F&#038;title=Ontwikkel+uw+carri%C3%A8re+in+het+Frans%3A+cursussen+afgestemd+op+de+professionele+wereld+in+Den+Haag&amp;summary=In+een+steeds+internationaler+wordende+werkomgeving+is+Frans+spreken+veel+meer+dan+een+taalvaardigheid%3A+het+is+een+echte+hefboom+voor...\" title=\"LinkedIn\"><i class=\"socials-item-icon linkedin\"><\/i><\/a> <a class=\"socials-item\" target=\"_blank\" href=\"https:\/\/www.reddit.com\/submit?url=https%3A%2F%2Fwww.aflahaye.nl%2Fnl%2Fontwikkel-uw-carriere-in-het-frans-cursussen-afgestemd-op-de-professionele-wereld-in-den-haag%2F&#038;title=Ontwikkel+uw+carri%C3%A8re+in+het+Frans%3A+cursussen+afgestemd+op+de+professionele+wereld+in+Den+Haag\" title=\"Reddit\"><i class=\"socials-item-icon reddit\"><\/i><\/a> <\/div> <svg class=\"sharing-styled-arrow\"><use xlink:href=\"https:\/\/www.aflahaye.nl\/wp-content\/themes\/thegem\/css\/post-arrow.svg#dec-post-arrow\"><\/use><\/svg><\/div><\/div> <div class=\"post-read-more\"><div class=\"gem-button-container gem-button-position-inline thegem-button-69f48cd8046d09776\" ><a class=\"gem-button gem-button-size-tiny gem-button-style-outline gem-button-text-weight-normal gem-button-border-2\" data-ll-effect=\"drop-right-without-wrap\" style=\"border-radius: 3px;\" onmouseleave=\"\" onmouseenter=\"\" href=\"https:\/\/www.aflahaye.nl\/nl\/ontwikkel-uw-carriere-in-het-frans-cursussen-afgestemd-op-de-professionele-wereld-in-den-haag\/\" target=\"_self\">Meer Lezen<\/a><\/div> <\/div> <\/div> <\/div> <\/div>\n<\/article> <article id=\"post-511930\" class=\"col-lg-4 col-md-4 col-sm-6 col-xs-6 inline-column item-animations-not-inited post-511930 post type-post status-publish format-standard has-post-thumbnail category-une-nl category-vie-de-lalliance-nl\"> <div class=\"post-content-wrapper\" style=\"\"> <div class=\"post-image\"><div class=\"post-featured-content\"><a href=\"https:\/\/www.aflahaye.nl\/nl\/sessie-4-komt-eraan\/\"> <picture> <img src=\"https:\/\/www.aflahaye.nl\/wp-content\/uploads\/2026\/04\/SESSION-4-thegem-blog-justified.png\" width=\"640\" height=\"480\" class=\"img-responsive\" alt=\"SESSION 4\" \/> <\/picture> <\/a><\/div><\/div> <div class=\"description\"> <div class=\"post-meta-conteiner\"> <div class=\"post-meta-right\"> <\/div> <\/div> <div class=\"post-title\"> <div class=\"entry-title title-h4\"><a href=\"https:\/\/www.aflahaye.nl\/nl\/sessie-4-komt-eraan\/\" rel=\"bookmark\"><span class=\"light\">SESSIE 4 KOMT ERAAN\u2026<\/span><\/a><\/div> <\/div> <div class=\"post-text\"> <div class=\"summary\"> <\/div> <\/div> <div class=\"info clearfix\"> <div class=\"post-footer-sharing\"><div class=\"gem-button-container gem-button-position-inline thegem-button-69f48cd8057d31472\" ><a class=\"gem-button gem-button-size-tiny gem-button-style-flat gem-button-text-weight-normal gem-button-empty\" data-ll-effect=\"drop-right-without-wrap\" style=\"border-radius: 3px;\" onmouseleave=\"\" onmouseenter=\"\" href=\"#\" target=\"_self\" role=\"button\" aria-label=\"Share\"><i class=\"gem-print-icon gem-icon-pack-thegem-icons gem-icon-share \"><\/i><\/a><\/div> <div class=\"sharing-popup\"> <div class=\"socials-sharing socials socials-colored-hover\"> <a class=\"socials-item\" target=\"_blank\" href=\"https:\/\/www.facebook.com\/sharer\/sharer.php?u=https%3A%2F%2Fwww.aflahaye.nl%2Fnl%2Fsessie-4-komt-eraan%2F\" title=\"Facebook\"><i class=\"socials-item-icon facebook\"><\/i><\/a> <a class=\"socials-item\" target=\"_blank\" href=\"https:\/\/twitter.com\/intent\/tweet?text=SESSIE+4+KOMT+ERAAN%E2%80%A6&#038;url=https%3A%2F%2Fwww.aflahaye.nl%2Fnl%2Fsessie-4-komt-eraan%2F\" title=\"Twitter\"><i class=\"socials-item-icon twitter\"><\/i><\/a> <a class=\"socials-item\" target=\"_blank\" href=\"https:\/\/pinterest.com\/pin\/create\/button\/?url=https%3A%2F%2Fwww.aflahaye.nl%2Fnl%2Fsessie-4-komt-eraan%2F&#038;description=SESSIE+4+KOMT+ERAAN%E2%80%A6&#038;media=https%3A%2F%2Fwww.aflahaye.nl%2Fwp-content%2Fuploads%2F2026%2F04%2FSESSION-4-thegem-blog-timeline-large.png\" title=\"Pinterest\"><i class=\"socials-item-icon pinterest\"><\/i><\/a> <a class=\"socials-item\" target=\"_blank\" href=\"https:\/\/www.tumblr.com\/widgets\/share\/tool?canonicalUrl=https%3A%2F%2Fwww.aflahaye.nl%2Fnl%2Fsessie-4-komt-eraan%2F\" title=\"Tumblr\"><i class=\"socials-item-icon tumblr\"><\/i><\/a> <a class=\"socials-item\" target=\"_blank\" href=\"https:\/\/www.linkedin.com\/shareArticle?mini=true&#038;url=https%3A%2F%2Fwww.aflahaye.nl%2Fnl%2Fsessie-4-komt-eraan%2F&#038;title=SESSIE+4+KOMT+ERAAN%E2%80%A6&amp;summary=%26%2313%3B+De+zomer+kondigt+zich+aan+bij+de+Alliance+Fran%C3%A7aise+in+Den+Haag+met+een+nieuwe+sessie+vol+frisheid+en...\" title=\"LinkedIn\"><i class=\"socials-item-icon linkedin\"><\/i><\/a> <a class=\"socials-item\" target=\"_blank\" href=\"https:\/\/www.reddit.com\/submit?url=https%3A%2F%2Fwww.aflahaye.nl%2Fnl%2Fsessie-4-komt-eraan%2F&#038;title=SESSIE+4+KOMT+ERAAN%E2%80%A6\" title=\"Reddit\"><i class=\"socials-item-icon reddit\"><\/i><\/a> <\/div> <svg class=\"sharing-styled-arrow\"><use xlink:href=\"https:\/\/www.aflahaye.nl\/wp-content\/themes\/thegem\/css\/post-arrow.svg#dec-post-arrow\"><\/use><\/svg><\/div><\/div> <div class=\"post-read-more\"><div class=\"gem-button-container gem-button-position-inline thegem-button-69f48cd8064e01039\" ><a class=\"gem-button gem-button-size-tiny gem-button-style-outline gem-button-text-weight-normal gem-button-border-2\" data-ll-effect=\"drop-right-without-wrap\" style=\"border-radius: 3px;\" onmouseleave=\"\" onmouseenter=\"\" href=\"https:\/\/www.aflahaye.nl\/nl\/sessie-4-komt-eraan\/\" target=\"_self\">Meer Lezen<\/a><\/div> <\/div> <\/div> <\/div> <\/div>\n<\/article> <article id=\"post-511912\" class=\"col-lg-4 col-md-4 col-sm-6 col-xs-6 inline-column item-animations-not-inited post-511912 post type-post status-publish format-standard has-post-thumbnail category-newsletter-mensuelle-nl category-une-nl category-vie-de-lalliance-nl\"> <div class=\"post-content-wrapper\" style=\"\"> <div class=\"post-image\"><div class=\"post-featured-content\"><a href=\"https:\/\/www.aflahaye.nl\/nl\/nieuwsbrief-april-2026-2\/\"> <picture> <img src=\"https:\/\/www.aflahaye.nl\/wp-content\/uploads\/2026\/03\/Capture-decran-2026-03-31-171050-thegem-blog-justified.png\" width=\"640\" height=\"480\" class=\"img-responsive\" alt=\"Capture d&#039;\u00e9cran 2026-03-31 171050\" \/> <\/picture> <\/a><\/div><\/div> <div class=\"description\"> <div class=\"post-meta-conteiner\"> <div class=\"post-meta-right\"> <\/div> <\/div> <div class=\"post-title\"> <div class=\"entry-title title-h4\"><a href=\"https:\/\/www.aflahaye.nl\/nl\/nieuwsbrief-april-2026-2\/\" rel=\"bookmark\"><span class=\"light\">Nieuwsbrief april 2026<\/span><\/a><\/div> <\/div> <div class=\"post-text\"> <div class=\"summary\"> <\/div> <\/div> <div class=\"info clearfix\"> <div class=\"post-footer-sharing\"><div class=\"gem-button-container gem-button-position-inline thegem-button-69f48cd807aea7423\" ><a class=\"gem-button gem-button-size-tiny gem-button-style-flat gem-button-text-weight-normal gem-button-empty\" data-ll-effect=\"drop-right-without-wrap\" style=\"border-radius: 3px;\" onmouseleave=\"\" onmouseenter=\"\" href=\"#\" target=\"_self\" role=\"button\" aria-label=\"Share\"><i class=\"gem-print-icon gem-icon-pack-thegem-icons gem-icon-share \"><\/i><\/a><\/div> <div class=\"sharing-popup\"> <div class=\"socials-sharing socials socials-colored-hover\"> <a class=\"socials-item\" target=\"_blank\" href=\"https:\/\/www.facebook.com\/sharer\/sharer.php?u=https%3A%2F%2Fwww.aflahaye.nl%2Fnl%2Fnieuwsbrief-april-2026-2%2F\" title=\"Facebook\"><i class=\"socials-item-icon facebook\"><\/i><\/a> <a class=\"socials-item\" target=\"_blank\" href=\"https:\/\/twitter.com\/intent\/tweet?text=Nieuwsbrief+april+2026&#038;url=https%3A%2F%2Fwww.aflahaye.nl%2Fnl%2Fnieuwsbrief-april-2026-2%2F\" title=\"Twitter\"><i class=\"socials-item-icon twitter\"><\/i><\/a> <a class=\"socials-item\" target=\"_blank\" href=\"https:\/\/pinterest.com\/pin\/create\/button\/?url=https%3A%2F%2Fwww.aflahaye.nl%2Fnl%2Fnieuwsbrief-april-2026-2%2F&#038;description=Nieuwsbrief+april+2026&#038;media=https%3A%2F%2Fwww.aflahaye.nl%2Fwp-content%2Fuploads%2F2026%2F03%2FCapture-decran-2026-03-31-171050-thegem-blog-timeline-large.png\" title=\"Pinterest\"><i class=\"socials-item-icon pinterest\"><\/i><\/a> <a class=\"socials-item\" target=\"_blank\" href=\"https:\/\/www.tumblr.com\/widgets\/share\/tool?canonicalUrl=https%3A%2F%2Fwww.aflahaye.nl%2Fnl%2Fnieuwsbrief-april-2026-2%2F\" title=\"Tumblr\"><i class=\"socials-item-icon tumblr\"><\/i><\/a> <a class=\"socials-item\" target=\"_blank\" href=\"https:\/\/www.linkedin.com\/shareArticle?mini=true&#038;url=https%3A%2F%2Fwww.aflahaye.nl%2Fnl%2Fnieuwsbrief-april-2026-2%2F&#038;title=Nieuwsbrief+april+2026&amp;summary=Newsletter+avril+NL+par+Aurelien+Coueste\" title=\"LinkedIn\"><i class=\"socials-item-icon linkedin\"><\/i><\/a> <a class=\"socials-item\" target=\"_blank\" href=\"https:\/\/www.reddit.com\/submit?url=https%3A%2F%2Fwww.aflahaye.nl%2Fnl%2Fnieuwsbrief-april-2026-2%2F&#038;title=Nieuwsbrief+april+2026\" title=\"Reddit\"><i class=\"socials-item-icon reddit\"><\/i><\/a> <\/div> <svg class=\"sharing-styled-arrow\"><use xlink:href=\"https:\/\/www.aflahaye.nl\/wp-content\/themes\/thegem\/css\/post-arrow.svg#dec-post-arrow\"><\/use><\/svg><\/div><\/div> <div class=\"post-read-more\"><div class=\"gem-button-container gem-button-position-inline thegem-button-69f48cd8081961568\" ><a class=\"gem-button gem-button-size-tiny gem-button-style-outline gem-button-text-weight-normal gem-button-border-2\" data-ll-effect=\"drop-right-without-wrap\" style=\"border-radius: 3px;\" onmouseleave=\"\" onmouseenter=\"\" href=\"https:\/\/www.aflahaye.nl\/nl\/nieuwsbrief-april-2026-2\/\" target=\"_self\">Meer Lezen<\/a><\/div> <\/div> <\/div> <\/div> <\/div>\n<\/article>\n<\/div>[\/vc_column][\/vc_row][vc_row full_width=&#8221;stretch_row&#8221; css=&#8221;.vc_custom_1576710671564{margin-bottom: 0px !important;background-image: url(https:\/\/aflahaye.nl\/wp-content\/uploads\/2018\/12\/logistics-dotted-map.png?id=88) !important;background-position: center !important;background-repeat: no-repeat !important;background-size: cover !important;}&#8221; el_class=&#8221;custom-qf&#8221;][vc_column][vc_column_text css=&#8221;.vc_custom_1750758440311{margin-top: 0px !important;padding-bottom: 20px !important;}&#8221; css_animation=&#8221;top-to-bottom&#8221;]<\/p>\n<p><\/p>\n<div class=\"title-h1\" style=\"text-align: center;\">Notre offre<\/div>\n<p><\/p>\n<p>[\/vc_column_text][vc_column_text css=&#8221;.vc_custom_1582020044311{margin-bottom: 0px !important;}&#8221; css_animation=&#8221;top-to-bottom&#8221;]<\/p>\n<p><\/p>\n<p style=\"text-align: center;\">L&#8217;Alliance Fran\u00e7aise de La Haye vous propose une gamme d&#8217;offre de cours vari\u00e9e qui r\u00e9pondra \u00e0 vos besoins.<\/p>\n<p><\/p>\n<p>[\/vc_column_text]<div class=\"clearboth\"><\/div><style>#thegem-divider-69f48cd808327 {margin-top: 45px !important;}<\/style><div id=\"thegem-divider-69f48cd808327\" class=\"gem-divider  divider-hidden\" style=\"\" ><\/div><div class=\"quickfinder quickfinder-style-classic row inline-row quickfinder-icon-position-top quickfinder-alignment-center quickfinder-title-bold\" data-hover-icon-color=\"#dd1b3c\" data-hover-box-color=\"#dd1b3c\" data-hover-border-color=\"#ffffff\" data-hover-title-color=\"#ffffff\" data-hover-description-color=\"#ffffff\"><div id=\"post-38672\" data-ll-finish-delay=\"200\" class=\"quickfinder-item inline-column col-md-4 col-sm-6 col-xs-12 quickfinder-item-effect-background-reverse icon-size-medium quickfinder-box-style-soft-outlined lazy-loading post-38672 thegem_qf_item type-thegem_qf_item status-publish\" data-ll-item-delay=\"0\"> <div class=\"quickfinder-item-box\" style=\"background-color: #ffffff;border-color: #dfe5e8;\"> <div class=\"quickfinder-item-inner\"> <div class=\"quickfinder-item-image\"> <div class=\"quickfinder-item-image-content lazy-loading-item\" data-ll-item-delay=\"0\" data-ll-effect=\"clip\"> <div class=\"quickfinder-item-image-wrapper\"> <div class=\"gem-icon gem-icon-pack-fontawesome gem-icon-size-medium gem-icon-shape-circle \" style=\"border-color: #f0f0f4;opacity: 1;\"><div class=\"gem-icon-inner\" style=\"background-color: #f0f0f4;\"><span class=\"gem-icon-half-1\" style=\"color: #d90f31;\"><span class=\"back-angle\">&#xf1e7;<\/span><\/span><span class=\"gem-icon-half-2\" style=\"color: #d90f31;\"><span class=\"back-angle\">&#xf1e7;<\/span><\/span><\/div><\/div> <\/div> <\/div> <\/div> <div class=\"quickfinder-item-info-wrapper\"> <div class=\"quickfinder-item-info lazy-loading-item\" data-ll-item-delay=\"200\" data-ll-effect=\"fading\"> <div class=\"quickfinder-item-title\" >Groepscursussen<\/div> <div class=\"quickfinder-item-text\" >De groepscursussen zijn ideaal voor een ontspannen vooruitgang in mondelinge en schriftelijke communicatie.<\/div> <\/div> <\/div> <\/div> <\/div> <a href=\"\/nl\/cours-de-groupe\/\" target=\"_self\" class=\"quickfinder-item-link\" aria-label=\"Groepscursussen\"><\/a> <\/div> <div id=\"post-38673\" data-ll-finish-delay=\"200\" class=\"quickfinder-item inline-column col-md-4 col-sm-6 col-xs-12 quickfinder-item-effect-background-reverse icon-size-medium quickfinder-box-style-soft-outlined lazy-loading post-38673 thegem_qf_item type-thegem_qf_item status-publish\" data-ll-item-delay=\"0\"> <div class=\"quickfinder-item-box\" style=\"background-color: #ffffff;border-color: #dfe5e8;\"> <div class=\"quickfinder-item-inner\"> <div class=\"quickfinder-item-image\"> <div class=\"quickfinder-item-image-content lazy-loading-item\" data-ll-item-delay=\"0\" data-ll-effect=\"clip\"> <div class=\"quickfinder-item-image-wrapper\"> <div class=\"gem-icon gem-icon-pack-fontawesome gem-icon-size-medium gem-icon-shape-circle \" style=\"border-color: #f0f0f4;opacity: 1;\"><div class=\"gem-icon-inner\" style=\"background-color: #f0f0f4;\"><span class=\"gem-icon-half-1\" style=\"color: #d90f31;\"><span class=\"back-angle\">&#xf135;<\/span><\/span><span class=\"gem-icon-half-2\" style=\"color: #d90f31;\"><span class=\"back-angle\">&#xf135;<\/span><\/span><\/div><\/div> <\/div> <\/div> <\/div> <div class=\"quickfinder-item-info-wrapper\"> <div class=\"quickfinder-item-info lazy-loading-item\" data-ll-item-delay=\"200\" data-ll-effect=\"fading\"> <div class=\"quickfinder-item-title\" >Kinderen<\/div> <div class=\"quickfinder-item-text\" >Frans leren terwijl je plezier hebt! Van 4 tot 12 jaar oud voor Franstaligen en niet-Franstaligen<\/div> <\/div> <\/div> <\/div> <\/div> <a href=\"\/nl\/kinderen\/\" target=\"_self\" class=\"quickfinder-item-link\" aria-label=\"Kinderen\"><\/a> <\/div> <div id=\"post-38674\" data-ll-finish-delay=\"200\" class=\"quickfinder-item inline-column col-md-4 col-sm-6 col-xs-12 quickfinder-item-effect-background-reverse icon-size-medium quickfinder-box-style-soft-outlined lazy-loading post-38674 thegem_qf_item type-thegem_qf_item status-publish\" data-ll-item-delay=\"0\"> <div class=\"quickfinder-item-box\" style=\"background-color: #ffffff;border-color: #dfe5e8;\"> <div class=\"quickfinder-item-inner\"> <div class=\"quickfinder-item-image\"> <div class=\"quickfinder-item-image-content lazy-loading-item\" data-ll-item-delay=\"0\" data-ll-effect=\"clip\"> <div class=\"quickfinder-item-image-wrapper\"> <div class=\"gem-icon gem-icon-pack-fontawesome gem-icon-size-medium gem-icon-shape-circle \" style=\"border-color: #f0f0f4;opacity: 1;\"><div class=\"gem-icon-inner\" style=\"background-color: #f0f0f4;\"><span class=\"gem-icon-half-1\" style=\"color: #d90f31;\"><span class=\"back-angle\">&#xf108;<\/span><\/span><span class=\"gem-icon-half-2\" style=\"color: #d90f31;\"><span class=\"back-angle\">&#xf108;<\/span><\/span><\/div><\/div> <\/div> <\/div> <\/div> <div class=\"quickfinder-item-info-wrapper\"> <div class=\"quickfinder-item-info lazy-loading-item\" data-ll-item-delay=\"200\" data-ll-effect=\"fading\"> <div class=\"quickfinder-item-title\" >E-Learning<\/div> <div class=\"quickfinder-item-text\" >Het is nog nooit zo gemakkelijk geweest om Frans te leren op het internet. Wij hebben wat je nodig hebt!<\/div> <\/div> <\/div> <\/div> <\/div> <a href=\"\/nl\/e-learning\/\" target=\"_self\" class=\"quickfinder-item-link\" aria-label=\"E-Learning\"><\/a> <\/div> <div id=\"post-38675\" data-ll-finish-delay=\"200\" class=\"quickfinder-item inline-column col-md-4 col-sm-6 col-xs-12 quickfinder-item-effect-background-reverse icon-size-medium quickfinder-box-style-soft-outlined lazy-loading post-38675 thegem_qf_item type-thegem_qf_item status-publish\" data-ll-item-delay=\"0\"> <div class=\"quickfinder-item-box\" style=\"background-color: #ffffff;border-color: #dfe5e8;\"> <div class=\"quickfinder-item-inner\"> <div class=\"quickfinder-item-image\"> <div class=\"quickfinder-item-image-content lazy-loading-item\" data-ll-item-delay=\"0\" data-ll-effect=\"clip\"> <div class=\"quickfinder-item-image-wrapper\"> <div class=\"gem-icon gem-icon-pack-fontawesome gem-icon-size-medium gem-icon-shape-circle \" style=\"border-color: #f0f0f4;opacity: 1;\"><div class=\"gem-icon-inner\" style=\"background-color: #f0f0f4;\"><span class=\"gem-icon-half-1\" style=\"color: #d90f31;\"><span class=\"back-angle\">&#xf19d;<\/span><\/span><span class=\"gem-icon-half-2\" style=\"color: #d90f31;\"><span class=\"back-angle\">&#xf19d;<\/span><\/span><\/div><\/div> <\/div> <\/div> <\/div> <div class=\"quickfinder-item-info-wrapper\"> <div class=\"quickfinder-item-info lazy-loading-item\" data-ll-item-delay=\"200\" data-ll-effect=\"fading\"> <div class=\"quickfinder-item-title\" >Examencentrum<\/div> <div class=\"quickfinder-item-text\" >Officieel examencentrum voor de organisatie en toekenning van de DELF\/DALF, TCF, TEF en DAEFLE.<\/div> <\/div> <\/div> <\/div> <\/div> <a href=\"\/nl\/diplomes-tests\/\" target=\"_self\" class=\"quickfinder-item-link\" aria-label=\"Examencentrum\"><\/a> <\/div> <div id=\"post-38676\" data-ll-finish-delay=\"200\" class=\"quickfinder-item inline-column col-md-4 col-sm-6 col-xs-12 quickfinder-item-effect-background-reverse icon-size-medium quickfinder-box-style-soft-outlined lazy-loading post-38676 thegem_qf_item type-thegem_qf_item status-publish\" data-ll-item-delay=\"0\"> <div class=\"quickfinder-item-box\" style=\"background-color: #ffffff;border-color: #dfe5e8;\"> <div class=\"quickfinder-item-inner\"> <div class=\"quickfinder-item-image\"> <div class=\"quickfinder-item-image-content lazy-loading-item\" data-ll-item-delay=\"0\" data-ll-effect=\"clip\"> <div class=\"quickfinder-item-image-wrapper\"> <div class=\"gem-icon gem-icon-pack-fontawesome gem-icon-size-medium gem-icon-shape-circle \" style=\"border-color: #f0f0f4;opacity: 1;\"><div class=\"gem-icon-inner\" style=\"background-color: #f0f0f4;\"><span class=\"gem-icon-half-1\" style=\"color: #d90f31;\"><span class=\"back-angle\">&#xf21d;<\/span><\/span><span class=\"gem-icon-half-2\" style=\"color: #d90f31;\"><span class=\"back-angle\">&#xf21d;<\/span><\/span><\/div><\/div> <\/div> <\/div> <\/div> <div class=\"quickfinder-item-info-wrapper\"> <div class=\"quickfinder-item-info lazy-loading-item\" data-ll-item-delay=\"200\" data-ll-effect=\"fading\"> <div class=\"quickfinder-item-title\" >Priv\u00e9cursus<\/div> <div class=\"quickfinder-item-text\" >Wij bieden individuele opleidingen aan voor elk niveau, ook beschikbaar voor bedrijven.<\/div> <\/div> <\/div> <\/div> <\/div> <a href=\"\/nl\/maatwerk\/\" target=\"_self\" class=\"quickfinder-item-link\" aria-label=\"Priv\u00e9cursus\"><\/a> <\/div> <div id=\"post-38677\" data-ll-finish-delay=\"200\" class=\"quickfinder-item inline-column col-md-4 col-sm-6 col-xs-12 quickfinder-item-effect-background-reverse icon-size-medium quickfinder-box-style-soft-outlined lazy-loading post-38677 thegem_qf_item type-thegem_qf_item status-publish\" data-ll-item-delay=\"0\"> <div class=\"quickfinder-item-box\" style=\"background-color: #ffffff;border-color: #dfe5e8;\"> <div class=\"quickfinder-item-inner\"> <div class=\"quickfinder-item-image\"> <div class=\"quickfinder-item-image-content lazy-loading-item\" data-ll-item-delay=\"0\" data-ll-effect=\"clip\"> <div class=\"quickfinder-item-image-wrapper\"> <div class=\"gem-icon gem-icon-pack-fontawesome gem-icon-size-medium gem-icon-shape-circle \" style=\"border-color: #f0f0f4;opacity: 1;\"><div class=\"gem-icon-inner\" style=\"background-color: #f0f0f4;\"><span class=\"gem-icon-half-1\" style=\"color: #d90f31;\"><span class=\"back-angle\">&#xf006;<\/span><\/span><span class=\"gem-icon-half-2\" style=\"color: #d90f31;\"><span class=\"back-angle\">&#xf006;<\/span><\/span><\/div><\/div> <\/div> <\/div> <\/div> <div class=\"quickfinder-item-info-wrapper\"> <div class=\"quickfinder-item-info lazy-loading-item\" data-ll-item-delay=\"200\" data-ll-effect=\"fading\"> <div class=\"quickfinder-item-title\" >Culturele uitstapjes<\/div> <div class=\"quickfinder-item-text\" >Dompel je onder in de Franstalige wereld dankzij onze selectie van culturele uitstapjes in Den Haag.<\/div> <\/div> <\/div> <\/div> <\/div> <a href=\"\/nl\/nieuws\/\" target=\"_self\" class=\"quickfinder-item-link\" aria-label=\"Culturele uitstapjes\"><\/a> <\/div> <\/div><div class=\"clearboth\"><\/div><style>#thegem-divider-69f48cd80a150 {margin-top: 50px !important;}<\/style><div id=\"thegem-divider-69f48cd80a150\" class=\"gem-divider  divider-hidden\" style=\"\" ><\/div>[\/vc_column][\/vc_row][vc_row][vc_column][vc_column_text css=&#8221;&#8221;]<\/p>\n<p><\/p>\n<h2 style=\"text-align: center;\">\u00c9v\u00e9nements<\/h2>\n<p><\/p>\n<p>[\/vc_column_text][vc_column_text css=&#8221;&#8221;]<\/p>\n<div class='kiosque-aec'><div\n data-module='events'\n data-action='list'\n data-param-detail_link=''\n data-param-event-type='30'\n data-param-columns='4'\n data-param-event-url=''\n data-param-default-view-mode='events-list-grid'\n data-param-lang='nl_NL'><\/div><\/div>[\/vc_column_text][\/vc_column][\/vc_row][vc_row full_width=&#8221;stretch_row&#8221; css=&#8221;.vc_custom_1680603034140{margin-bottom: 0px !important;background-position: center !important;background-repeat: no-repeat !important;background-size: cover !important;}&#8221;][vc_column width=&#8221;2\/3&#8243;]<div class=\"clearboth\"><\/div><div id=\"thegem-divider-69f48cd80a27b\" class=\"gem-divider  \" style=\"\" ><\/div>[vc_column_text css=&#8221;&#8221;]<\/p>\n<h2 style=\"text-align: center;\">Notre Newsletter<\/h2>\n<p>[\/vc_column_text]<div id=\"style-71c6bd3\" data-style-uid=\"71c6bd3\" class=\"blog blog-style-default clearfix item-animation-move-up pagination-disable\" data-next-page=\"2\" data-pages-count=\"31\">\n<article id=\"post-511912\" class=\"item-animations-not-inited post-511912 post type-post status-publish format-standard has-post-thumbnail category-newsletter-mensuelle-nl category-une-nl category-vie-de-lalliance-nl\"> <div class=\"item-post-container\"> <div class=\"item-post clearfix\"> <div class=\"post-image\"><div class=\"post-featured-content\"><a href=\"https:\/\/www.aflahaye.nl\/nl\/nieuwsbrief-april-2026-2\/\"> <picture> <img src=\"https:\/\/www.aflahaye.nl\/wp-content\/uploads\/2026\/03\/Capture-decran-2026-03-31-171050-thegem-blog-default-large.png\" width=\"887\" height=\"540\" class=\"img-responsive\" alt=\"Capture d&#039;\u00e9cran 2026-03-31 171050\" \/> <\/picture> <\/a><\/div><\/div> <div class=\"post-meta date-color\"> <div class=\"entry-meta clearfix gem-post-date\"> <div class=\"post-meta-right\"> <\/div> <div class=\"post-meta-left\"> <span class=\"post-meta-categories\"><a href=\"https:\/\/www.aflahaye.nl\/nl\/category\/newsletter-mensuelle-nl\/\" title=\"Bekijk alle berichten in Newsletter mensuelle\">Newsletter mensuelle<\/a> <span class=\"sep\"><\/span> <a href=\"https:\/\/www.aflahaye.nl\/nl\/category\/une-nl\/\" title=\"Bekijk alle berichten in Une\">Une<\/a> <span class=\"sep\"><\/span> <a href=\"https:\/\/www.aflahaye.nl\/nl\/category\/vie-de-lalliance-nl\/\" title=\"Bekijk alle berichten in Vie de l&#8217;Alliance\">Vie de l&#8217;Alliance<\/a><\/span> <\/div> <\/div><!-- .entry-meta --> <\/div> <div class=\"post-title\"> <h3 class=\"entry-title\"><a href=\"https:\/\/www.aflahaye.nl\/nl\/nieuwsbrief-april-2026-2\/\" rel=\"bookmark\"><span class=\"entry-title-date\"><\/span><span class=\"light\">Nieuwsbrief april 2026<\/span><\/a><\/h3> <\/div> <div class=\"post-text\"> <div class=\"summary\"> <p>Newsletter avril NL par Aurelien Coueste<\/p> <\/div> <\/div> <div class=\"post-footer\"> <div class=\"post-read-more\"><div class=\"gem-button-container gem-button-position-inline thegem-button-69f48cd80c5aa6285\" ><a class=\"gem-button gem-button-size-tiny gem-button-style-outline gem-button-text-weight-normal gem-button-border-2\" data-ll-effect=\"drop-right-without-wrap\" style=\"border-radius: 3px;\" onmouseleave=\"\" onmouseenter=\"\" href=\"https:\/\/www.aflahaye.nl\/nl\/nieuwsbrief-april-2026-2\/\" target=\"_self\">Meer Lezen<\/a><\/div> <\/div> <\/div> <\/div> <\/div> <\/article><!-- #post-511912 -->\n<\/div>[\/vc_column][vc_column width=&#8221;1\/3&#8243;][vc_row_inner][vc_column_inner][vc_column_text css=&#8221;&#8221;]<\/p>\n<h2 style=\"text-align: center;\">S&#8217;inscrire \u00e0 la Newsletter<\/h2>\n<p>[\/vc_column_text][vc_single_image image=&#8221;507475&#8243; img_size=&#8221;medium&#8221; alignment=&#8221;center&#8221; css=&#8221;&#8221;][vc_column_text css=&#8221;&#8221;]<div class='kiosque-aec'><div\n data-module='newsletter'\n data-action='subscribe-form'\n data-param-lang='nl_NL'><\/div><\/div>[\/vc_column_text][\/vc_column_inner][\/vc_row_inner][\/vc_column][\/vc_row][vc_row full_width=&#8221;stretch_row_content&#8221; css=&#8221;.vc_custom_1553078548534{margin-bottom: 0px !important;background-color: #ffffff !important;}&#8221;][vc_column thegem_content_alignment=&#8221;center&#8221;][vc_column_text css=&#8221;&#8221;]<\/p>\n<h2 style=\"text-align: center;\">Notre chaine YouTube<\/h2>\n<p>[\/vc_column_text][vc_raw_html css=&#8221;&#8221;]JTNDaWZyYW1lJTIwd2lkdGglM0QlMjI1NjAlMjIlMjBoZWlnaHQlM0QlMjIzMTUlMjIlMjAlMEElMjAlMjBzcmMlM0QlMjJodHRwcyUzQSUyRiUyRnd3dy55b3V0dWJlLmNvbSUyRmVtYmVkJTJGdmlkZW9zZXJpZXMlM0ZsaXN0JTNEUExiVm0yUk9WTFY3di1xd0pnZXFpMlB1dEZNZmtkNFE0RSUyMiUyMCUwQSUyMCUyMHRpdGxlJTNEJTIyWW91VHViZSUyMHBsYXlsaXN0JTIyJTIwZnJhbWVib3JkZXIlM0QlMjIwJTIyJTIwJTBBJTIwJTIwYWxsb3clM0QlMjJhY2NlbGVyb21ldGVyJTNCJTIwYXV0b3BsYXklM0IlMjBjbGlwYm9hcmQtd3JpdGUlM0IlMjBlbmNyeXB0ZWQtbWVkaWElM0IlMjBneXJvc2NvcGUlM0IlMjBwaWN0dXJlLWluLXBpY3R1cmUlMjIlMjAlMEElMjAlMjBhbGxvd2Z1bGxzY3JlZW4lM0UlMEElM0MlMkZpZnJhbWUlM0U=[\/vc_raw_html][\/vc_column][\/vc_row][vc_row full_width=&#8221;stretch_row_content&#8221; css=&#8221;.vc_custom_1553078548534{margin-bottom: 0px !important;background-color: #ffffff !important;}&#8221;][vc_column][vc_column_text css=&#8221;.vc_custom_1572380120029{padding-top: 30px !important;}&#8221; css_animation=&#8221;top-to-bottom&#8221;]<\/p>\n<div class=\"title-h3\" style=\"text-align: center;\">Le meilleur centre de langue \u00e0 La Haye pour apprendre le fran\u00e7ais<\/div>\n<p>[\/vc_column_text]<div class=\"clearboth\"><\/div><style>#thegem-divider-69f48cd80c710 {margin-top: 45px !important;}<\/style><div id=\"thegem-divider-69f48cd80c710\" class=\"gem-divider  \" style=\"\" ><\/div>[vc_column_text css_animation=&#8221;top-to-bottom&#8221;]<\/p>\n<p style=\"text-align: center; max-width: 850px; margin: auto;\">Ne cherchez pas ailleurs, nous sommes le meilleur centre de langue pour apprendre le fran\u00e7ais. Notre \u00e9quipe est form\u00e9e, dipl\u00f4m\u00e9e et certifi\u00e9e.<\/p>\n<p>[\/vc_column_text]<div class=\"clearboth\"><\/div><style>#thegem-divider-69f48cd80c750 {margin-top: 105px !important;}<\/style><div id=\"thegem-divider-69f48cd80c750\" class=\"gem-divider  divider-hidden\" style=\"\" ><\/div>[\/vc_column][\/vc_row][vc_row css=&#8221;.vc_custom_1573558332768{margin-bottom: 0px !important;}&#8221;][vc_column css=&#8221;.vc_custom_1545328626834{margin-top: 0px !important;padding-top: 0px !important;}&#8221;]<div id=\"fullwidth-block-69f48cd80c82a\" class=\"fullwidth-block clearfix\"  style=\"background-color: #252432;padding-top: 125px;padding-bottom: 40px;\"><script type=\"text\/javascript\">if (typeof(gem_fix_fullwidth_position) == \"function\") { gem_fix_fullwidth_position(document.getElementById(\"fullwidth-block-69f48cd80c82a\")); }<\/script><div class=\"fullwidth-top-marker marker-direction-inside\"><svg width=\"140\" height=\"70\"><path d=\"M 0,0 70,70 140,0\" \/><\/svg><\/div><div class=\"fullwidth-block-background\" style=\"background-image: url(https:\/\/www.aflahaye.nl\/wp-content\/uploads\/2019\/10\/adult-banking-blogging-733856-darken.jpg);background-repeat: no-repeat; background-size: cover;background-position: center top;\"><\/div><div class=\"fullwidth-block-inner\"><div class=\"container\">[vc_row_inner][vc_column_inner width=&#8221;1\/3&#8243; css=&#8221;.vc_custom_1544625039867{padding-top: 0px !important;}&#8221;][vc_column_text css=&#8221;.vc_custom_1677344103988{margin-bottom: 18px !important;}&#8221;]<\/p>\n<div class=\"title-xlarge\" align=\"center\"><span class=\"title-h5\" style=\"height: 50px; width: 215px; line-height: 35px; color: #fff;\">Professeurs dipl\u00f4m\u00e9s<\/span><\/div>\n<p>[\/vc_column_text][\/vc_column_inner][vc_column_inner width=&#8221;1\/3&#8243; css=&#8221;.vc_custom_1544625177537{padding-top: 0px !important;}&#8221;][vc_column_text]<\/p>\n<div class=\"title-xlarge\" align=\"center\"><span class=\"title-h5\" style=\"height: 50px; width: 215px; line-height: 35px; color: #fff;\">SalleS de classe modernes<\/span><\/div>\n<p>[\/vc_column_text][\/vc_column_inner][vc_column_inner width=&#8221;1\/3&#8243; css=&#8221;.vc_custom_1544625188723{padding-top: 0px !important;}&#8221;][vc_column_text]<\/p>\n<div class=\"title-xlarge\" align=\"center\"><span class=\"title-h5\" style=\"height: 50px; width: 215px; line-height: 35px; color: #fff;\">Centre officiel DELF\/DALF\/TCF\/TEF<\/span><\/div>\n<p>[\/vc_column_text][\/vc_column_inner][\/vc_row_inner]<\/div><\/div><\/div>[\/vc_column][\/vc_row][vc_row full_width=&#8221;stretch_row&#8221; css=&#8221;.vc_custom_1576753728651{margin-top: 0px !important;margin-bottom: 0px !important;padding-top: -20px !important;}&#8221;][vc_column]<div class=\"clearboth\"><\/div><style>#thegem-divider-69f48cd80c88e {margin-top: 60px !important;}<\/style><div id=\"thegem-divider-69f48cd80c88e\" class=\"gem-divider  divider-hidden\" style=\"\" ><\/div>[vc_column_text css=&#8221;.vc_custom_1572384016063{padding-top: 40px !important;}&#8221;]<\/p>\n<div class=\"title-h1\" style=\"text-align: center;\">Un r\u00e9seau mondial<\/div>\n<p>[\/vc_column_text]<div class=\"clearboth\"><\/div><style>#thegem-divider-69f48cd80c8c5 {margin-top: 55px !important;}<\/style><div id=\"thegem-divider-69f48cd80c8c5\" class=\"gem-divider  \" style=\"\" ><\/div>[vc_column_text]<\/p>\n<div class=\"title-h5\" style=\"text-align: center;\">cr\u00e9\u00e9 en 1883 \u00e0 Paris<\/div>\n<p>[\/vc_column_text]<div class=\"clearboth\"><\/div><style>#thegem-divider-69f48cd80c8f6 {margin-top: 35px !important;}<\/style><div id=\"thegem-divider-69f48cd80c8f6\" class=\"gem-divider  \" style=\"\" ><\/div>[vc_column_text]<\/p>\n<p style=\"text-align: center; max-width: 850px; margin: auto;\">Chaque ann\u00e9e, plus de 450 000 personnes, de tous \u00e2ges, viennent apprendre la langue fran\u00e7aise dans les Alliances Fran\u00e7aises, et plus de 6 millions de personnes participent \u00e0 leurs activit\u00e9s culturelles.<\/p>\n<p>[\/vc_column_text]<div class=\"gem-button-container gem-button-position-center thegem-button-69f48cd80caa04431    \"  ><a title=\"Alliance Fran\u00e7aise\" class=\"gem-button gem-button-size-small gem-button-style-outline gem-button-text-weight-normal gem-button-border-2\" data-ll-effect=\"drop-right-without-wrap\" style=\"border-radius: 3px;\" onmouseleave=\"\" onmouseenter=\"\" href=\"https:\/\/aflahaye.nl\/un-reseau-mondial\/\" target=\"_self\">En savoir plus...<\/a><\/div> [\/vc_column][\/vc_row][vc_row full_width=&#8221;stretch_row&#8221; css=&#8221;.vc_custom_1576753697952{margin-bottom: 0px !important;padding-bottom: 20px !important;}&#8221;][vc_column]<div class=\"clearboth\"><\/div><style>#thegem-divider-69f48cd80caf1 {margin-top: 30px !important;}<\/style><div id=\"thegem-divider-69f48cd80caf1\" class=\"gem-divider  divider-hidden\" style=\"\" ><\/div>[vc_single_image image=&#8221;34028&#8243; img_size=&#8221;full&#8221; alignment=&#8221;center&#8221;][\/vc_column][\/vc_row][vc_row el_class=&#8221;our-clients-block&#8221;][vc_column]<div class=\"clearboth\"><\/div><style>#thegem-divider-69f48cd80cb28 {margin-top: 70px !important;}<\/style><div id=\"thegem-divider-69f48cd80cb28\" class=\"gem-divider  divider-hidden\" style=\"\" ><\/div>[vc_column_text css=&#8221;.vc_custom_1572379067690{padding-top: 20px !important;}&#8221;]<\/p>\n<div class=\"title-h2\" style=\"text-align: center;\">Nos partenaires<\/div>\n<p>[\/vc_column_text]<div class=\"gem-client-set-title\"> <div class=\"container\"> <div class=\"clients_title\"><h3> <\/h3><\/div> <\/div> <\/div> <div class=\"gem_client-carousel lazy-loading\" > <div class=\"preloader\"> <div class=\"preloader-spin\"><\/div> <\/div> <div class=\" gem_client_carousel-items\" data-autoscroll='0'> <div class=\"gem-client-item lazy-loading-item\" data-ll-effect=\"drop-right\"> <a href=\"http:\/\/www.tv5monde.com\/\" target=\"_blank\" class=\"grayscale grayscale-hover rounded-corners \"><img width=\"300\" height=\"300\" src=\"https:\/\/www.aflahaye.nl\/wp-content\/uploads\/2019\/07\/2-300x300.png\" class=\" wp-post-image\" alt=\"\" srcset=\"https:\/\/www.aflahaye.nl\/wp-content\/uploads\/2019\/07\/2-300x300.png 300w, https:\/\/www.aflahaye.nl\/wp-content\/uploads\/2019\/07\/2-180x180.png 180w, https:\/\/www.aflahaye.nl\/wp-content\/uploads\/2019\/07\/2-600x600.png 600w, https:\/\/www.aflahaye.nl\/wp-content\/uploads\/2019\/07\/2-1024x1024.png 1024w, https:\/\/www.aflahaye.nl\/wp-content\/uploads\/2019\/07\/2-150x150.png 150w, https:\/\/www.aflahaye.nl\/wp-content\/uploads\/2019\/07\/2-768x768.png 768w, https:\/\/www.aflahaye.nl\/wp-content\/uploads\/2019\/07\/2-e1749658030990.png 256w\" sizes=\"(max-width: 300px) 100vw, 300px\" \/><\/a><\/div> <div class=\"gem-client-item lazy-loading-item\" data-ll-effect=\"drop-right\"> <a href=\"https:\/\/nl.ambafrance.org\/\" target=\"_blank\" class=\"grayscale grayscale-hover rounded-corners \"><img width=\"256\" height=\"256\" src=\"https:\/\/www.aflahaye.nl\/wp-content\/uploads\/2019\/07\/ambassade-fr.png\" class=\" wp-post-image\" alt=\"\" srcset=\"https:\/\/www.aflahaye.nl\/wp-content\/uploads\/2019\/07\/ambassade-fr.png 256w, https:\/\/www.aflahaye.nl\/wp-content\/uploads\/2019\/07\/ambassade-fr-180x180.png 180w, https:\/\/www.aflahaye.nl\/wp-content\/uploads\/2019\/07\/ambassade-fr-160x160.png 160w, https:\/\/www.aflahaye.nl\/wp-content\/uploads\/2019\/07\/ambassade-fr-150x150.png 150w, https:\/\/www.aflahaye.nl\/wp-content\/uploads\/2019\/07\/ambassade-fr-100x100.png 100w\" sizes=\"(max-width: 256px) 100vw, 256px\" \/><\/a><\/div> <div class=\"gem-client-item lazy-loading-item\" data-ll-effect=\"drop-right\"> <a href=\"http:\/\/institutfrancais.nl\/\" target=\"_blank\" class=\"grayscale grayscale-hover rounded-corners \"><img width=\"300\" height=\"300\" src=\"https:\/\/www.aflahaye.nl\/wp-content\/uploads\/2024\/03\/13-1-300x300.png\" class=\" wp-post-image\" alt=\"\" srcset=\"https:\/\/www.aflahaye.nl\/wp-content\/uploads\/2024\/03\/13-1-300x300.png 300w, https:\/\/www.aflahaye.nl\/wp-content\/uploads\/2024\/03\/13-1-180x180.png 180w, https:\/\/www.aflahaye.nl\/wp-content\/uploads\/2024\/03\/13-1-600x600.png 600w, https:\/\/www.aflahaye.nl\/wp-content\/uploads\/2024\/03\/13-1-1024x1024.png 1024w, https:\/\/www.aflahaye.nl\/wp-content\/uploads\/2024\/03\/13-1-150x150.png 150w, https:\/\/www.aflahaye.nl\/wp-content\/uploads\/2024\/03\/13-1-768x768.png 768w, https:\/\/www.aflahaye.nl\/wp-content\/uploads\/2024\/03\/13-1-e1749658136467.png 256w\" sizes=\"(max-width: 300px) 100vw, 300px\" \/><\/a><\/div> <div class=\"gem-client-item lazy-loading-item\" data-ll-effect=\"drop-right\"> <a href=\"https:\/\/www.cartooningforpeace.org\" target=\"_blank\" class=\"grayscale grayscale-hover rounded-corners \"><img width=\"256\" height=\"256\" src=\"https:\/\/www.aflahaye.nl\/wp-content\/uploads\/2019\/08\/cartooning-for-peace.png\" class=\" wp-post-image\" alt=\"\" srcset=\"https:\/\/www.aflahaye.nl\/wp-content\/uploads\/2019\/08\/cartooning-for-peace.png 256w, https:\/\/www.aflahaye.nl\/wp-content\/uploads\/2019\/08\/cartooning-for-peace-180x180.png 180w, https:\/\/www.aflahaye.nl\/wp-content\/uploads\/2019\/08\/cartooning-for-peace-160x160.png 160w, https:\/\/www.aflahaye.nl\/wp-content\/uploads\/2019\/08\/cartooning-for-peace-150x150.png 150w, https:\/\/www.aflahaye.nl\/wp-content\/uploads\/2019\/08\/cartooning-for-peace-100x100.png 100w\" sizes=\"(max-width: 256px) 100vw, 256px\" \/><\/a><\/div> <div class=\"gem-client-item lazy-loading-item\" data-ll-effect=\"drop-right\"> <a href=\"https:\/\/www.cfci.nl\/\" target=\"_blank\" class=\"grayscale grayscale-hover rounded-corners \"><img width=\"256\" height=\"256\" src=\"https:\/\/www.aflahaye.nl\/wp-content\/uploads\/2019\/08\/cci.png\" class=\" wp-post-image\" alt=\"\" srcset=\"https:\/\/www.aflahaye.nl\/wp-content\/uploads\/2019\/08\/cci.png 256w, https:\/\/www.aflahaye.nl\/wp-content\/uploads\/2019\/08\/cci-180x180.png 180w, https:\/\/www.aflahaye.nl\/wp-content\/uploads\/2019\/08\/cci-160x160.png 160w, https:\/\/www.aflahaye.nl\/wp-content\/uploads\/2019\/08\/cci-150x150.png 150w, https:\/\/www.aflahaye.nl\/wp-content\/uploads\/2019\/08\/cci-100x100.png 100w\" sizes=\"(max-width: 256px) 100vw, 256px\" \/><\/a><\/div> <div class=\"gem-client-item lazy-loading-item\" data-ll-effect=\"drop-right\"> <a href=\"https:\/\/access-nl.org\/\" target=\"_blank\" class=\"grayscale grayscale-hover rounded-corners \"><img width=\"256\" height=\"256\" src=\"https:\/\/www.aflahaye.nl\/wp-content\/uploads\/2019\/08\/access_256.png\" class=\" wp-post-image\" alt=\"\" srcset=\"https:\/\/www.aflahaye.nl\/wp-content\/uploads\/2019\/08\/access_256.png 256w, https:\/\/www.aflahaye.nl\/wp-content\/uploads\/2019\/08\/access_256-180x180.png 180w, https:\/\/www.aflahaye.nl\/wp-content\/uploads\/2019\/08\/access_256-160x160.png 160w, https:\/\/www.aflahaye.nl\/wp-content\/uploads\/2019\/08\/access_256-150x150.png 150w, https:\/\/www.aflahaye.nl\/wp-content\/uploads\/2019\/08\/access_256-100x100.png 100w\" sizes=\"(max-width: 256px) 100vw, 256px\" \/><\/a><\/div> <div class=\"gem-client-item lazy-loading-item\" data-ll-effect=\"drop-right\"> <a href=\"https:\/\/www.accueillahaye.com\/\" target=\"_self\" class=\"grayscale grayscale-hover rounded-corners \"><img width=\"256\" height=\"256\" src=\"https:\/\/www.aflahaye.nl\/wp-content\/uploads\/2019\/08\/accueil-de-la-haye.png\" class=\" wp-post-image\" alt=\"\" srcset=\"https:\/\/www.aflahaye.nl\/wp-content\/uploads\/2019\/08\/accueil-de-la-haye.png 256w, https:\/\/www.aflahaye.nl\/wp-content\/uploads\/2019\/08\/accueil-de-la-haye-180x180.png 180w, https:\/\/www.aflahaye.nl\/wp-content\/uploads\/2019\/08\/accueil-de-la-haye-150x150.png 150w, https:\/\/www.aflahaye.nl\/wp-content\/uploads\/2019\/08\/accueil-de-la-haye-160x160.png 160w, https:\/\/www.aflahaye.nl\/wp-content\/uploads\/2019\/08\/accueil-de-la-haye-100x100.png 100w\" sizes=\"(max-width: 256px) 100vw, 256px\" \/><\/a><\/div> <div class=\"gem-client-item lazy-loading-item\" data-ll-effect=\"drop-right\"> <a href=\"https:\/\/eglisereformeewallonnedelahaye.nl\/\" target=\"_blank\" class=\"grayscale grayscale-hover rounded-corners \"><img width=\"256\" height=\"256\" src=\"https:\/\/www.aflahaye.nl\/wp-content\/uploads\/2019\/08\/eglise-reformee.png\" class=\" wp-post-image\" alt=\"\" srcset=\"https:\/\/www.aflahaye.nl\/wp-content\/uploads\/2019\/08\/eglise-reformee.png 256w, https:\/\/www.aflahaye.nl\/wp-content\/uploads\/2019\/08\/eglise-reformee-180x180.png 180w, https:\/\/www.aflahaye.nl\/wp-content\/uploads\/2019\/08\/eglise-reformee-160x160.png 160w, https:\/\/www.aflahaye.nl\/wp-content\/uploads\/2019\/08\/eglise-reformee-150x150.png 150w, https:\/\/www.aflahaye.nl\/wp-content\/uploads\/2019\/08\/eglise-reformee-100x100.png 100w\" sizes=\"(max-width: 256px) 100vw, 256px\" \/><\/a><\/div> <div class=\"gem-client-item lazy-loading-item\" data-ll-effect=\"drop-right\"> <a href=\"https:\/\/www.fle.fr\/\" target=\"_blank\" class=\"grayscale grayscale-hover rounded-corners \"><img width=\"300\" height=\"300\" src=\"https:\/\/www.aflahaye.nl\/wp-content\/uploads\/2019\/08\/fle-fr-1-300x300.png\" class=\" wp-post-image\" alt=\"\" srcset=\"https:\/\/www.aflahaye.nl\/wp-content\/uploads\/2019\/08\/fle-fr-1-300x300.png 300w, https:\/\/www.aflahaye.nl\/wp-content\/uploads\/2019\/08\/fle-fr-1-180x180.png 180w, https:\/\/www.aflahaye.nl\/wp-content\/uploads\/2019\/08\/fle-fr-1-150x150.png 150w, https:\/\/www.aflahaye.nl\/wp-content\/uploads\/2019\/08\/fle-fr-1-e1749658543575.png 256w, https:\/\/www.aflahaye.nl\/wp-content\/uploads\/2019\/08\/fle-fr-1-100x100.png 100w\" sizes=\"(max-width: 300px) 100vw, 300px\" \/><\/a><\/div> <div class=\"gem-client-item lazy-loading-item\" data-ll-effect=\"drop-right\"> <a href=\"https:\/\/afpb.nl\" target=\"_blank\" class=\"grayscale grayscale-hover rounded-corners \"><img width=\"300\" height=\"300\" src=\"https:\/\/www.aflahaye.nl\/wp-content\/uploads\/2019\/08\/federation_AF-300x300.png\" class=\" wp-post-image\" alt=\"\" srcset=\"https:\/\/www.aflahaye.nl\/wp-content\/uploads\/2019\/08\/federation_AF-300x300.png 300w, https:\/\/www.aflahaye.nl\/wp-content\/uploads\/2019\/08\/federation_AF-180x180.png 180w, https:\/\/www.aflahaye.nl\/wp-content\/uploads\/2019\/08\/federation_AF-150x150.png 150w, https:\/\/www.aflahaye.nl\/wp-content\/uploads\/2019\/08\/federation_AF-e1749658609307.png 256w, https:\/\/www.aflahaye.nl\/wp-content\/uploads\/2019\/08\/federation_AF-160x160.png 160w, https:\/\/www.aflahaye.nl\/wp-content\/uploads\/2019\/08\/federation_AF-100x100.png 100w\" sizes=\"(max-width: 300px) 100vw, 300px\" \/><\/a><\/div> <div class=\"gem-client-item lazy-loading-item\" data-ll-effect=\"drop-right\"> <a href=\"https:\/\/www.filmhuisdenhaag.nl\/\" target=\"_blank\" class=\"grayscale grayscale-hover rounded-corners \"><img width=\"256\" height=\"256\" src=\"https:\/\/www.aflahaye.nl\/wp-content\/uploads\/2019\/08\/film_huis.png\" class=\" wp-post-image\" alt=\"\" srcset=\"https:\/\/www.aflahaye.nl\/wp-content\/uploads\/2019\/08\/film_huis.png 256w, https:\/\/www.aflahaye.nl\/wp-content\/uploads\/2019\/08\/film_huis-180x180.png 180w, https:\/\/www.aflahaye.nl\/wp-content\/uploads\/2019\/08\/film_huis-160x160.png 160w, https:\/\/www.aflahaye.nl\/wp-content\/uploads\/2019\/08\/film_huis-150x150.png 150w, https:\/\/www.aflahaye.nl\/wp-content\/uploads\/2019\/08\/film_huis-100x100.png 100w\" sizes=\"(max-width: 256px) 100vw, 256px\" \/><\/a><\/div> <div class=\"gem-client-item lazy-loading-item\" data-ll-effect=\"drop-right\"> <a href=\"https:\/\/www.lautrepaysdutheatre.com\/\" target=\"_blank\" class=\"grayscale grayscale-hover rounded-corners \"><img width=\"256\" height=\"256\" src=\"https:\/\/www.aflahaye.nl\/wp-content\/uploads\/2019\/08\/lautre-pays-du-theatre.png\" class=\" wp-post-image\" alt=\"\" srcset=\"https:\/\/www.aflahaye.nl\/wp-content\/uploads\/2019\/08\/lautre-pays-du-theatre.png 256w, https:\/\/www.aflahaye.nl\/wp-content\/uploads\/2019\/08\/lautre-pays-du-theatre-180x180.png 180w, https:\/\/www.aflahaye.nl\/wp-content\/uploads\/2019\/08\/lautre-pays-du-theatre-160x160.png 160w, https:\/\/www.aflahaye.nl\/wp-content\/uploads\/2019\/08\/lautre-pays-du-theatre-150x150.png 150w, https:\/\/www.aflahaye.nl\/wp-content\/uploads\/2019\/08\/lautre-pays-du-theatre-100x100.png 100w\" sizes=\"(max-width: 256px) 100vw, 256px\" \/><\/a><\/div> <div class=\"gem-client-item lazy-loading-item\" data-ll-effect=\"drop-right\"> <a href=\"https:\/\/www.jbclesfrancophiles.nl\/index.htm\" target=\"_blank\" class=\"grayscale grayscale-hover rounded-corners \"><img width=\"256\" height=\"256\" src=\"https:\/\/www.aflahaye.nl\/wp-content\/uploads\/2019\/08\/le-francofil.png\" class=\" wp-post-image\" alt=\"\" srcset=\"https:\/\/www.aflahaye.nl\/wp-content\/uploads\/2019\/08\/le-francofil.png 256w, https:\/\/www.aflahaye.nl\/wp-content\/uploads\/2019\/08\/le-francofil-180x180.png 180w, https:\/\/www.aflahaye.nl\/wp-content\/uploads\/2019\/08\/le-francofil-160x160.png 160w, https:\/\/www.aflahaye.nl\/wp-content\/uploads\/2019\/08\/le-francofil-150x150.png 150w, https:\/\/www.aflahaye.nl\/wp-content\/uploads\/2019\/08\/le-francofil-100x100.png 100w\" sizes=\"(max-width: 256px) 100vw, 256px\" \/><\/a><\/div> <div class=\"gem-client-item lazy-loading-item\" data-ll-effect=\"drop-right\"> <a href=\"http:\/\/www.total.nl\/\" target=\"_blank\" class=\"grayscale grayscale-hover rounded-corners \"><img width=\"256\" height=\"256\" src=\"https:\/\/www.aflahaye.nl\/wp-content\/uploads\/2019\/08\/total.png\" class=\" wp-post-image\" alt=\"\" srcset=\"https:\/\/www.aflahaye.nl\/wp-content\/uploads\/2019\/08\/total.png 256w, https:\/\/www.aflahaye.nl\/wp-content\/uploads\/2019\/08\/total-180x180.png 180w, https:\/\/www.aflahaye.nl\/wp-content\/uploads\/2019\/08\/total-160x160.png 160w, https:\/\/www.aflahaye.nl\/wp-content\/uploads\/2019\/08\/total-150x150.png 150w, https:\/\/www.aflahaye.nl\/wp-content\/uploads\/2019\/08\/total-100x100.png 100w\" sizes=\"(max-width: 256px) 100vw, 256px\" \/><\/a><\/div> <div class=\"gem-client-item lazy-loading-item\" data-ll-effect=\"drop-right\"> <a href=\"https:\/\/www.denhaag.nl\/fr.htm\" target=\"_blank\" class=\"grayscale grayscale-hover rounded-corners \"><img width=\"256\" height=\"256\" src=\"https:\/\/www.aflahaye.nl\/wp-content\/uploads\/2019\/08\/den_haag.png\" class=\" wp-post-image\" alt=\"\" srcset=\"https:\/\/www.aflahaye.nl\/wp-content\/uploads\/2019\/08\/den_haag.png 256w, https:\/\/www.aflahaye.nl\/wp-content\/uploads\/2019\/08\/den_haag-180x180.png 180w, https:\/\/www.aflahaye.nl\/wp-content\/uploads\/2019\/08\/den_haag-160x160.png 160w, https:\/\/www.aflahaye.nl\/wp-content\/uploads\/2019\/08\/den_haag-150x150.png 150w, https:\/\/www.aflahaye.nl\/wp-content\/uploads\/2019\/08\/den_haag-100x100.png 100w\" sizes=\"(max-width: 256px) 100vw, 256px\" \/><\/a><\/div> <div class=\"gem-client-item lazy-loading-item\" data-ll-effect=\"drop-right\"> <a href=\"https:\/\/lfvvg.com\/\" target=\"_blank\" class=\"grayscale grayscale-hover rounded-corners \"><img width=\"300\" height=\"300\" src=\"https:\/\/www.aflahaye.nl\/wp-content\/uploads\/2019\/08\/6-2-300x300.png\" class=\" wp-post-image\" alt=\"\" srcset=\"https:\/\/www.aflahaye.nl\/wp-content\/uploads\/2019\/08\/6-2-300x300.png 300w, https:\/\/www.aflahaye.nl\/wp-content\/uploads\/2019\/08\/6-2-180x180.png 180w, https:\/\/www.aflahaye.nl\/wp-content\/uploads\/2019\/08\/6-2-600x600.png 600w, https:\/\/www.aflahaye.nl\/wp-content\/uploads\/2019\/08\/6-2-1024x1024.png 1024w, https:\/\/www.aflahaye.nl\/wp-content\/uploads\/2019\/08\/6-2-150x150.png 150w, https:\/\/www.aflahaye.nl\/wp-content\/uploads\/2019\/08\/6-2-768x768.png 768w, https:\/\/www.aflahaye.nl\/wp-content\/uploads\/2019\/08\/6-2-e1749658791609.png 256w\" sizes=\"(max-width: 300px) 100vw, 300px\" \/><\/a><\/div> <div class=\"gem-client-item lazy-loading-item\" data-ll-effect=\"drop-right\"> <a href=\"http:\/\/www.amitie-clubdelahaye.nl\/\" target=\"_blank\" class=\"grayscale grayscale-hover rounded-corners \"><img width=\"256\" height=\"256\" src=\"https:\/\/www.aflahaye.nl\/wp-content\/uploads\/2019\/08\/amitie\u0301-club-de-la-Haye.png\" class=\" wp-post-image\" alt=\"\" srcset=\"https:\/\/www.aflahaye.nl\/wp-content\/uploads\/2019\/08\/amitie\u0301-club-de-la-Haye.png 256w, https:\/\/www.aflahaye.nl\/wp-content\/uploads\/2019\/08\/amitie\u0301-club-de-la-Haye-180x180.png 180w, https:\/\/www.aflahaye.nl\/wp-content\/uploads\/2019\/08\/amitie\u0301-club-de-la-Haye-160x160.png 160w, https:\/\/www.aflahaye.nl\/wp-content\/uploads\/2019\/08\/amitie\u0301-club-de-la-Haye-150x150.png 150w, https:\/\/www.aflahaye.nl\/wp-content\/uploads\/2019\/08\/amitie\u0301-club-de-la-Haye-100x100.png 100w\" sizes=\"(max-width: 256px) 100vw, 256px\" \/><\/a><\/div> <div class=\"gem-client-item lazy-loading-item\" data-ll-effect=\"drop-right\"> <a href=\"http:\/\/www.france-communication.nl\/\" target=\"_blank\" class=\"grayscale grayscale-hover rounded-corners \"><\/a><\/div> <div class=\"gem-client-item lazy-loading-item\" data-ll-effect=\"drop-right\"> <a href=\"https:\/\/www.vredespaleis.nl\/\" target=\"_blank\" class=\"grayscale grayscale-hover rounded-corners \"><img width=\"256\" height=\"256\" src=\"https:\/\/www.aflahaye.nl\/wp-content\/uploads\/2019\/08\/vredespaleis.png\" class=\" wp-post-image\" alt=\"\" srcset=\"https:\/\/www.aflahaye.nl\/wp-content\/uploads\/2019\/08\/vredespaleis.png 256w, https:\/\/www.aflahaye.nl\/wp-content\/uploads\/2019\/08\/vredespaleis-180x180.png 180w, https:\/\/www.aflahaye.nl\/wp-content\/uploads\/2019\/08\/vredespaleis-160x160.png 160w, https:\/\/www.aflahaye.nl\/wp-content\/uploads\/2019\/08\/vredespaleis-150x150.png 150w, https:\/\/www.aflahaye.nl\/wp-content\/uploads\/2019\/08\/vredespaleis-100x100.png 100w\" sizes=\"(max-width: 256px) 100vw, 256px\" \/><\/a><\/div> <div class=\"gem-client-item lazy-loading-item\" data-ll-effect=\"drop-right\"> <a href=\"https:\/\/www.bibliotheekdenhaag.nl\/\" target=\"_blank\" class=\"grayscale grayscale-hover rounded-corners \"><img width=\"256\" height=\"256\" src=\"https:\/\/www.aflahaye.nl\/wp-content\/uploads\/2019\/08\/bibliotheek-den-haag.png\" class=\" wp-post-image\" alt=\"\" srcset=\"https:\/\/www.aflahaye.nl\/wp-content\/uploads\/2019\/08\/bibliotheek-den-haag.png 256w, https:\/\/www.aflahaye.nl\/wp-content\/uploads\/2019\/08\/bibliotheek-den-haag-180x180.png 180w, https:\/\/www.aflahaye.nl\/wp-content\/uploads\/2019\/08\/bibliotheek-den-haag-160x160.png 160w, https:\/\/www.aflahaye.nl\/wp-content\/uploads\/2019\/08\/bibliotheek-den-haag-150x150.png 150w, https:\/\/www.aflahaye.nl\/wp-content\/uploads\/2019\/08\/bibliotheek-den-haag-100x100.png 100w\" sizes=\"(max-width: 256px) 100vw, 256px\" \/><\/a><\/div> <div class=\"gem-client-item lazy-loading-item\" data-ll-effect=\"drop-right\"> <a href=\"https:\/\/www.kermessefrancophone.nl\/\" target=\"_blank\" class=\"grayscale grayscale-hover rounded-corners \"><img width=\"256\" height=\"256\" src=\"https:\/\/www.aflahaye.nl\/wp-content\/uploads\/2019\/08\/kermesse_francophone.png\" class=\" wp-post-image\" alt=\"\" srcset=\"https:\/\/www.aflahaye.nl\/wp-content\/uploads\/2019\/08\/kermesse_francophone.png 256w, https:\/\/www.aflahaye.nl\/wp-content\/uploads\/2019\/08\/kermesse_francophone-180x180.png 180w, https:\/\/www.aflahaye.nl\/wp-content\/uploads\/2019\/08\/kermesse_francophone-160x160.png 160w, https:\/\/www.aflahaye.nl\/wp-content\/uploads\/2019\/08\/kermesse_francophone-150x150.png 150w, https:\/\/www.aflahaye.nl\/wp-content\/uploads\/2019\/08\/kermesse_francophone-100x100.png 100w\" sizes=\"(max-width: 256px) 100vw, 256px\" \/><\/a><\/div> <div class=\"gem-client-item lazy-loading-item\" data-ll-effect=\"drop-right\"> <a href=\"http:\/\/www.diplomatmagazine.eu\/\" target=\"_blank\" class=\"grayscale grayscale-hover rounded-corners \"><img width=\"300\" height=\"300\" src=\"https:\/\/www.aflahaye.nl\/wp-content\/uploads\/2019\/08\/Design-sans-titre-2-300x300.png\" class=\" wp-post-image\" alt=\"\" srcset=\"https:\/\/www.aflahaye.nl\/wp-content\/uploads\/2019\/08\/Design-sans-titre-2-300x300.png 300w, https:\/\/www.aflahaye.nl\/wp-content\/uploads\/2019\/08\/Design-sans-titre-2-180x180.png 180w, https:\/\/www.aflahaye.nl\/wp-content\/uploads\/2019\/08\/Design-sans-titre-2-600x600.png 600w, https:\/\/www.aflahaye.nl\/wp-content\/uploads\/2019\/08\/Design-sans-titre-2-1024x1024.png 1024w, https:\/\/www.aflahaye.nl\/wp-content\/uploads\/2019\/08\/Design-sans-titre-2-150x150.png 150w, https:\/\/www.aflahaye.nl\/wp-content\/uploads\/2019\/08\/Design-sans-titre-2-768x768.png 768w, https:\/\/www.aflahaye.nl\/wp-content\/uploads\/2019\/08\/Design-sans-titre-2-e1749716280459.png 256w\" sizes=\"(max-width: 300px) 100vw, 300px\" \/><\/a><\/div> <div class=\"gem-client-item lazy-loading-item\" data-ll-effect=\"drop-right\"> <a href=\"https:\/\/nl.boska.com\/\" target=\"_blank\" class=\"grayscale grayscale-hover rounded-corners \"><img width=\"256\" height=\"256\" src=\"https:\/\/www.aflahaye.nl\/wp-content\/uploads\/2019\/08\/boska_256.png\" class=\" wp-post-image\" alt=\"\" srcset=\"https:\/\/www.aflahaye.nl\/wp-content\/uploads\/2019\/08\/boska_256.png 256w, https:\/\/www.aflahaye.nl\/wp-content\/uploads\/2019\/08\/boska_256-180x180.png 180w, https:\/\/www.aflahaye.nl\/wp-content\/uploads\/2019\/08\/boska_256-160x160.png 160w, https:\/\/www.aflahaye.nl\/wp-content\/uploads\/2019\/08\/boska_256-150x150.png 150w, https:\/\/www.aflahaye.nl\/wp-content\/uploads\/2019\/08\/boska_256-100x100.png 100w\" sizes=\"(max-width: 256px) 100vw, 256px\" \/><\/a><\/div> <div class=\"gem-client-item lazy-loading-item\" data-ll-effect=\"drop-right\"> <a href=\"https:\/\/www.icc-cpi.int\/fr\" target=\"_blank\" class=\"grayscale grayscale-hover rounded-corners \"><img width=\"300\" height=\"300\" src=\"https:\/\/www.aflahaye.nl\/wp-content\/uploads\/2024\/03\/3-300x300.png\" class=\" wp-post-image\" alt=\"\" srcset=\"https:\/\/www.aflahaye.nl\/wp-content\/uploads\/2024\/03\/3-300x300.png 300w, https:\/\/www.aflahaye.nl\/wp-content\/uploads\/2024\/03\/3-180x180.png 180w, https:\/\/www.aflahaye.nl\/wp-content\/uploads\/2024\/03\/3-600x600.png 600w, https:\/\/www.aflahaye.nl\/wp-content\/uploads\/2024\/03\/3-1024x1024.png 1024w, https:\/\/www.aflahaye.nl\/wp-content\/uploads\/2024\/03\/3-150x150.png 150w, https:\/\/www.aflahaye.nl\/wp-content\/uploads\/2024\/03\/3-768x768.png 768w, https:\/\/www.aflahaye.nl\/wp-content\/uploads\/2024\/03\/3-256x256.png 256w, https:\/\/www.aflahaye.nl\/wp-content\/uploads\/2024\/03\/3.png 1080w\" sizes=\"(max-width: 300px) 100vw, 300px\" \/><\/a><\/div> <div class=\"gem-client-item lazy-loading-item\" data-ll-effect=\"drop-right\"> <a href=\"https:\/\/www.idi-iil.org\/fr\/\" target=\"_blank\" class=\"grayscale grayscale-hover rounded-corners \"><img width=\"300\" height=\"300\" src=\"https:\/\/www.aflahaye.nl\/wp-content\/uploads\/2024\/03\/1-300x300.png\" class=\" wp-post-image\" alt=\"\" srcset=\"https:\/\/www.aflahaye.nl\/wp-content\/uploads\/2024\/03\/1-300x300.png 300w, https:\/\/www.aflahaye.nl\/wp-content\/uploads\/2024\/03\/1-180x180.png 180w, https:\/\/www.aflahaye.nl\/wp-content\/uploads\/2024\/03\/1-600x600.png 600w, https:\/\/www.aflahaye.nl\/wp-content\/uploads\/2024\/03\/1-1024x1024.png 1024w, https:\/\/www.aflahaye.nl\/wp-content\/uploads\/2024\/03\/1-150x150.png 150w, https:\/\/www.aflahaye.nl\/wp-content\/uploads\/2024\/03\/1-768x768.png 768w, https:\/\/www.aflahaye.nl\/wp-content\/uploads\/2024\/03\/1-256x256.png 256w, https:\/\/www.aflahaye.nl\/wp-content\/uploads\/2024\/03\/1.png 1080w\" sizes=\"(max-width: 300px) 100vw, 300px\" \/><\/a><\/div> <div class=\"gem-client-item lazy-loading-item\" data-ll-effect=\"drop-right\"> <a href=\"https:\/\/www.francophonie.org\" target=\"_blank\" class=\"grayscale grayscale-hover rounded-corners \"><img width=\"300\" height=\"300\" src=\"https:\/\/www.aflahaye.nl\/wp-content\/uploads\/2024\/03\/4-300x300.png\" class=\" wp-post-image\" alt=\"\" srcset=\"https:\/\/www.aflahaye.nl\/wp-content\/uploads\/2024\/03\/4-300x300.png 300w, https:\/\/www.aflahaye.nl\/wp-content\/uploads\/2024\/03\/4-180x180.png 180w, https:\/\/www.aflahaye.nl\/wp-content\/uploads\/2024\/03\/4-600x600.png 600w, https:\/\/www.aflahaye.nl\/wp-content\/uploads\/2024\/03\/4-1024x1024.png 1024w, https:\/\/www.aflahaye.nl\/wp-content\/uploads\/2024\/03\/4-150x150.png 150w, https:\/\/www.aflahaye.nl\/wp-content\/uploads\/2024\/03\/4-768x768.png 768w, https:\/\/www.aflahaye.nl\/wp-content\/uploads\/2024\/03\/4-256x256.png 256w, https:\/\/www.aflahaye.nl\/wp-content\/uploads\/2024\/03\/4.png 1080w\" sizes=\"(max-width: 300px) 100vw, 300px\" \/><\/a><\/div> <div class=\"gem-client-item lazy-loading-item\" data-ll-effect=\"drop-right\"> <a href=\"https:\/\/www.epo.org\/fr\" target=\"_blank\" class=\"grayscale grayscale-hover rounded-corners \"><img width=\"300\" height=\"300\" src=\"https:\/\/www.aflahaye.nl\/wp-content\/uploads\/2024\/03\/5-300x300.png\" class=\" wp-post-image\" alt=\"\" srcset=\"https:\/\/www.aflahaye.nl\/wp-content\/uploads\/2024\/03\/5-300x300.png 300w, https:\/\/www.aflahaye.nl\/wp-content\/uploads\/2024\/03\/5-180x180.png 180w, https:\/\/www.aflahaye.nl\/wp-content\/uploads\/2024\/03\/5-600x600.png 600w, https:\/\/www.aflahaye.nl\/wp-content\/uploads\/2024\/03\/5-1024x1024.png 1024w, https:\/\/www.aflahaye.nl\/wp-content\/uploads\/2024\/03\/5-150x150.png 150w, https:\/\/www.aflahaye.nl\/wp-content\/uploads\/2024\/03\/5-768x768.png 768w, https:\/\/www.aflahaye.nl\/wp-content\/uploads\/2024\/03\/5-256x256.png 256w, https:\/\/www.aflahaye.nl\/wp-content\/uploads\/2024\/03\/5.png 1080w\" sizes=\"(max-width: 300px) 100vw, 300px\" \/><\/a><\/div> <div class=\"gem-client-item lazy-loading-item\" data-ll-effect=\"drop-right\"> <a href=\"https:\/\/srhaga.com\" target=\"_blank\" class=\"grayscale grayscale-hover rounded-corners \"><img width=\"300\" height=\"300\" src=\"https:\/\/www.aflahaye.nl\/wp-content\/uploads\/2024\/03\/Design-sans-titre-3-300x300.png\" class=\" wp-post-image\" alt=\"\" srcset=\"https:\/\/www.aflahaye.nl\/wp-content\/uploads\/2024\/03\/Design-sans-titre-3-300x300.png 300w, https:\/\/www.aflahaye.nl\/wp-content\/uploads\/2024\/03\/Design-sans-titre-3-180x180.png 180w, https:\/\/www.aflahaye.nl\/wp-content\/uploads\/2024\/03\/Design-sans-titre-3-600x600.png 600w, https:\/\/www.aflahaye.nl\/wp-content\/uploads\/2024\/03\/Design-sans-titre-3-1024x1024.png 1024w, https:\/\/www.aflahaye.nl\/wp-content\/uploads\/2024\/03\/Design-sans-titre-3-150x150.png 150w, https:\/\/www.aflahaye.nl\/wp-content\/uploads\/2024\/03\/Design-sans-titre-3-768x768.png 768w, https:\/\/www.aflahaye.nl\/wp-content\/uploads\/2024\/03\/Design-sans-titre-3-256x256.png 256w, https:\/\/www.aflahaye.nl\/wp-content\/uploads\/2024\/03\/Design-sans-titre-3.png 1080w\" sizes=\"(max-width: 300px) 100vw, 300px\" \/><\/a><\/div> <div class=\"gem-client-item lazy-loading-item\" data-ll-effect=\"drop-right\"> <a href=\"https:\/\/villacoucou.com\" target=\"_blank\" class=\"grayscale grayscale-hover rounded-corners \"><img width=\"300\" height=\"300\" src=\"https:\/\/www.aflahaye.nl\/wp-content\/uploads\/2024\/03\/8-300x300.png\" class=\" wp-post-image\" alt=\"\" srcset=\"https:\/\/www.aflahaye.nl\/wp-content\/uploads\/2024\/03\/8-300x300.png 300w, https:\/\/www.aflahaye.nl\/wp-content\/uploads\/2024\/03\/8-180x180.png 180w, https:\/\/www.aflahaye.nl\/wp-content\/uploads\/2024\/03\/8-600x600.png 600w, https:\/\/www.aflahaye.nl\/wp-content\/uploads\/2024\/03\/8-1024x1024.png 1024w, https:\/\/www.aflahaye.nl\/wp-content\/uploads\/2024\/03\/8-150x150.png 150w, https:\/\/www.aflahaye.nl\/wp-content\/uploads\/2024\/03\/8-768x768.png 768w, https:\/\/www.aflahaye.nl\/wp-content\/uploads\/2024\/03\/8-256x256.png 256w, https:\/\/www.aflahaye.nl\/wp-content\/uploads\/2024\/03\/8.png 1080w\" sizes=\"(max-width: 300px) 100vw, 300px\" \/><\/a><\/div> <div class=\"gem-client-item lazy-loading-item\" data-ll-effect=\"drop-right\"> <a href=\"https:\/\/www.rodekruis.nl\/en\/\" target=\"_blank\" class=\"grayscale grayscale-hover rounded-corners \"><img width=\"256\" height=\"256\" src=\"https:\/\/www.aflahaye.nl\/wp-content\/uploads\/2024\/03\/netherlands-logo1-300x_-e1749716195887.png\" class=\" wp-post-image\" alt=\"\" \/><\/a><\/div> <div class=\"gem-client-item lazy-loading-item\" data-ll-effect=\"drop-right\"> <a href=\"https:\/\/www.france-education-international.fr\" target=\"_blank\" class=\"grayscale grayscale-hover rounded-corners \"><img width=\"300\" height=\"300\" src=\"https:\/\/www.aflahaye.nl\/wp-content\/uploads\/2024\/03\/11-300x300.png\" class=\" wp-post-image\" alt=\"\" srcset=\"https:\/\/www.aflahaye.nl\/wp-content\/uploads\/2024\/03\/11-300x300.png 300w, https:\/\/www.aflahaye.nl\/wp-content\/uploads\/2024\/03\/11-180x180.png 180w, https:\/\/www.aflahaye.nl\/wp-content\/uploads\/2024\/03\/11-600x600.png 600w, https:\/\/www.aflahaye.nl\/wp-content\/uploads\/2024\/03\/11-1024x1024.png 1024w, https:\/\/www.aflahaye.nl\/wp-content\/uploads\/2024\/03\/11-150x150.png 150w, https:\/\/www.aflahaye.nl\/wp-content\/uploads\/2024\/03\/11-768x768.png 768w, https:\/\/www.aflahaye.nl\/wp-content\/uploads\/2024\/03\/11-e1749715971148.png 256w\" sizes=\"(max-width: 300px) 100vw, 300px\" \/><\/a><\/div> <div class=\"gem-client-item lazy-loading-item\" data-ll-effect=\"drop-right\"> <a href=\"https:\/\/www.alliance-francaise.nl\/bienvenue\/\" target=\"_blank\" class=\"grayscale grayscale-hover rounded-corners \"><img width=\"300\" height=\"300\" src=\"https:\/\/www.aflahaye.nl\/wp-content\/uploads\/2024\/03\/12-300x300.png\" class=\" wp-post-image\" alt=\"\" srcset=\"https:\/\/www.aflahaye.nl\/wp-content\/uploads\/2024\/03\/12-300x300.png 300w, https:\/\/www.aflahaye.nl\/wp-content\/uploads\/2024\/03\/12-180x180.png 180w, https:\/\/www.aflahaye.nl\/wp-content\/uploads\/2024\/03\/12-600x600.png 600w, https:\/\/www.aflahaye.nl\/wp-content\/uploads\/2024\/03\/12-1024x1024.png 1024w, https:\/\/www.aflahaye.nl\/wp-content\/uploads\/2024\/03\/12-150x150.png 150w, https:\/\/www.aflahaye.nl\/wp-content\/uploads\/2024\/03\/12-768x768.png 768w, https:\/\/www.aflahaye.nl\/wp-content\/uploads\/2024\/03\/12-e1749715909810.png 256w\" sizes=\"(max-width: 300px) 100vw, 300px\" \/><\/a><\/div> <div class=\"gem-client-item lazy-loading-item\" data-ll-effect=\"drop-right\"> <a href=\"https:\/\/www.thehagueinternationalcentre.nl\/\" target=\"_blank\" class=\"grayscale grayscale-hover rounded-corners \"><img width=\"300\" height=\"194\" src=\"https:\/\/www.aflahaye.nl\/wp-content\/uploads\/2025\/02\/cd218b5e-8699-4346-b578-6a6f1fa0cc20_THIC_Logo_Standard-300x194.jpg\" class=\" wp-post-image\" alt=\"\" srcset=\"https:\/\/www.aflahaye.nl\/wp-content\/uploads\/2025\/02\/cd218b5e-8699-4346-b578-6a6f1fa0cc20_THIC_Logo_Standard-300x194.jpg 300w, https:\/\/www.aflahaye.nl\/wp-content\/uploads\/2025\/02\/cd218b5e-8699-4346-b578-6a6f1fa0cc20_THIC_Logo_Standard-e1749658985926.jpg 396w\" sizes=\"(max-width: 300px) 100vw, 300px\" \/><\/a><\/div> <div class=\"gem-client-item lazy-loading-item\" data-ll-effect=\"drop-right\"> <a href=\"https:\/\/www.frenchiesburgers.nl\/\" target=\"_blank\" class=\"grayscale grayscale-hover rounded-corners \"><img width=\"300\" height=\"206\" src=\"https:\/\/www.aflahaye.nl\/wp-content\/uploads\/2025\/02\/logo_465x320-300x206.png\" class=\" wp-post-image\" alt=\"\" srcset=\"https:\/\/www.aflahaye.nl\/wp-content\/uploads\/2025\/02\/logo_465x320-300x206.png 300w, https:\/\/www.aflahaye.nl\/wp-content\/uploads\/2025\/02\/logo_465x320-e1749658927533.png 372w\" sizes=\"(max-width: 300px) 100vw, 300px\" \/><\/a><\/div> <div class=\"gem-client-item lazy-loading-item\" data-ll-effect=\"drop-right\"> <span><img width=\"240\" height=\"300\" src=\"https:\/\/www.aflahaye.nl\/wp-content\/uploads\/2025\/02\/311331888_604849711427498_4745682771846941169_n-240x300.jpg\" class=\" wp-post-image\" alt=\"\" srcset=\"https:\/\/www.aflahaye.nl\/wp-content\/uploads\/2025\/02\/311331888_604849711427498_4745682771846941169_n-240x300.jpg 240w, https:\/\/www.aflahaye.nl\/wp-content\/uploads\/2025\/02\/311331888_604849711427498_4745682771846941169_n-600x750.jpg 600w, https:\/\/www.aflahaye.nl\/wp-content\/uploads\/2025\/02\/311331888_604849711427498_4745682771846941169_n-e1749658882953.jpg 205w\" sizes=\"(max-width: 240px) 100vw, 240px\" \/><\/span><\/div> <div class=\"gem-client-item lazy-loading-item\" data-ll-effect=\"drop-right\"> <a href=\"https:\/\/www.e-a-f.nl\/\" target=\"_blank\" class=\"grayscale grayscale-hover rounded-corners \"><img width=\"300\" height=\"300\" src=\"https:\/\/www.aflahaye.nl\/wp-content\/uploads\/2025\/06\/ENTENTE-ASSOCIATIONS-FRANCO-pica-300x300.png\" class=\" wp-post-image\" alt=\"\" srcset=\"https:\/\/www.aflahaye.nl\/wp-content\/uploads\/2025\/06\/ENTENTE-ASSOCIATIONS-FRANCO-pica-300x300.png 300w, https:\/\/www.aflahaye.nl\/wp-content\/uploads\/2025\/06\/ENTENTE-ASSOCIATIONS-FRANCO-pica-150x150.png 150w, https:\/\/www.aflahaye.nl\/wp-content\/uploads\/2025\/06\/ENTENTE-ASSOCIATIONS-FRANCO-pica-768x768.png 768w, https:\/\/www.aflahaye.nl\/wp-content\/uploads\/2025\/06\/ENTENTE-ASSOCIATIONS-FRANCO-pica-12x12.png 12w, https:\/\/www.aflahaye.nl\/wp-content\/uploads\/2025\/06\/ENTENTE-ASSOCIATIONS-FRANCO-pica-e1749812110828.png 256w, https:\/\/www.aflahaye.nl\/wp-content\/uploads\/2025\/06\/ENTENTE-ASSOCIATIONS-FRANCO-pica-600x600.png 600w, https:\/\/www.aflahaye.nl\/wp-content\/uploads\/2025\/06\/ENTENTE-ASSOCIATIONS-FRANCO-pica-180x180.png 180w\" sizes=\"(max-width: 300px) 100vw, 300px\" \/><\/a><\/div> <div class=\"gem-client-item lazy-loading-item\" data-ll-effect=\"drop-right\"> <a href=\"https:\/\/www.lesbellessaveurs.com\/\" target=\"_blank\" class=\"grayscale grayscale-hover rounded-corners \"><img width=\"300\" height=\"157\" src=\"https:\/\/www.aflahaye.nl\/wp-content\/uploads\/2025\/06\/website_social_share_image.png-300x157.webp\" class=\" wp-post-image\" alt=\"\" srcset=\"https:\/\/www.aflahaye.nl\/wp-content\/uploads\/2025\/06\/website_social_share_image.png-300x157.webp 300w, https:\/\/www.aflahaye.nl\/wp-content\/uploads\/2025\/06\/website_social_share_image.png-1024x536.webp 1024w, https:\/\/www.aflahaye.nl\/wp-content\/uploads\/2025\/06\/website_social_share_image.png-768x402.webp 768w, https:\/\/www.aflahaye.nl\/wp-content\/uploads\/2025\/06\/website_social_share_image.png-18x9.webp 18w, https:\/\/www.aflahaye.nl\/wp-content\/uploads\/2025\/06\/website_social_share_image.png-600x314.webp 600w, https:\/\/www.aflahaye.nl\/wp-content\/uploads\/2025\/06\/website_social_share_image.png-e1749821023495.webp 256w\" sizes=\"(max-width: 300px) 100vw, 300px\" \/><\/a><\/div> <\/div> <\/div>[\/vc_column][\/vc_row][vc_row][vc_column][vc_column_text][\/vc_column_text][\/vc_column][\/vc_row]<\/p>\n<\/div>","protected":false},"excerpt":{"rendered":"<p>[vc_row full_width=&#8221;stretch_row&#8221; css=&#8221;.vc_custom_1680603034140{margin-bottom: 0px !important;background-position: center !important;background-repeat: no-repeat !important;background-size: cover !important;}&#8221;][vc_column][vc_column_text css=&#8221;&#8221;] \u00e0 la une &nbsp;[\/vc_column_text][\/vc_column][\/vc_row][vc_row full_width=&#8221;stretch_row&#8221; css=&#8221;.vc_custom_1576710671564{margin-bottom: 0px !important;background-image:&#8230;<\/p>\n","protected":false},"author":1,"featured_media":0,"parent":0,"menu_order":0,"comment_status":"closed","ping_status":"closed","template":"","meta":{"footnotes":""},"class_list":["post-488384","page","type-page","status-publish"],"jetpack_sharing_enabled":true,"_links":{"self":[{"href":"https:\/\/www.aflahaye.nl\/nl\/wp-json\/wp\/v2\/pages\/488384","targetHints":{"allow":["GET"]}}],"collection":[{"href":"https:\/\/www.aflahaye.nl\/nl\/wp-json\/wp\/v2\/pages"}],"about":[{"href":"https:\/\/www.aflahaye.nl\/nl\/wp-json\/wp\/v2\/types\/page"}],"author":[{"embeddable":true,"href":"https:\/\/www.aflahaye.nl\/nl\/wp-json\/wp\/v2\/users\/1"}],"replies":[{"embeddable":true,"href":"https:\/\/www.aflahaye.nl\/nl\/wp-json\/wp\/v2\/comments?post=488384"}],"version-history":[{"count":36,"href":"https:\/\/www.aflahaye.nl\/nl\/wp-json\/wp\/v2\/pages\/488384\/revisions"}],"predecessor-version":[{"id":507821,"href":"https:\/\/www.aflahaye.nl\/nl\/wp-json\/wp\/v2\/pages\/488384\/revisions\/507821"}],"wp:attachment":[{"href":"https:\/\/www.aflahaye.nl\/nl\/wp-json\/wp\/v2\/media?parent=488384"}],"curies":[{"name":"wp","href":"https:\/\/api.w.org\/{rel}","templated":true}]}}