{"id":506444,"date":"2021-01-18T11:41:21","date_gmt":"2021-01-18T10:41:21","guid":{"rendered":"https:\/\/www.aflahaye.nl\/diplomes-tests\/delf-dalf-diplomas-2\/"},"modified":"2026-02-12T15:32:15","modified_gmt":"2026-02-12T14:32:15","slug":"delf-dalf-diplomas-2","status":"publish","type":"page","link":"https:\/\/www.aflahaye.nl\/nl\/diplomes-tests\/delf-dalf-diplomas-2\/","title":{"rendered":"DELF-, DALF-, DELF Junior- en DELF Prim\u2011diploma\u2019s"},"content":{"rendered":"<div class=\"wpb-content-wrapper\"><p>[vc_row disable_custom_paddings_mobile=&#8221;true&#8221; css=&#8221;.vc_custom_1570088703465{margin-top: -10px !important;margin-bottom: 0px !important;}&#8221; el_id=&#8221;details&#8221;][vc_column][vc_column_text css=&#8221;&#8221; css_animation=&#8221;top-to-bottom&#8221;]<\/p>\n<h1>De diploma\u2019s DELF, DALF, DELF JUNIOR, DELF PRIM<\/h1>\n<p>[\/vc_column_text][vc_row_inner equal_height=&#8221;yes&#8221;][vc_column_inner width=&#8221;2\/3&#8243;][vc_separator color=&#8221;custom&#8221; align=&#8221;align_left&#8221; el_width=&#8221;30&#8243; accent_color=&#8221;#d90f31&#8243;]<div class=\"clearboth\"><\/div><style>#thegem-divider-69f5e90fd1927 {margin-top: 30px !important;}<\/style><div id=\"thegem-divider-69f5e90fd1927\" class=\"gem-divider  \" style=\"\" ><\/div>[vc_column_text css_animation=&#8221;top-to-bottom&#8221;]<\/p>\n<p>Diploma&#8217;s uitgereikt door het Franse ministerie van Nationaal Onderwijs, bestemd voor buitenlandse kandidaten en voor Fransen die geen diploma van het Franse secundair of hoger onderwijs bezitten.<\/p>\n<p>[\/vc_column_text]<div class=\"gem-list gem-list-type-Label gem-list-color-1\" ><ul>\n<li><strong>DELF (Dipl\u00f4me d&#8217;\u00e9tudes en langue fran\u00e7aise)<\/strong> van niveau A1 tot niveau B2.<\/li>\n<li>\n<div><strong>DALF (Dipl\u00f4me approfondi de langue fran\u00e7aise)<\/strong> voor de niveaus C1 en C2.<\/div>\n<\/li>\n<li>\n<div><strong>DELF Prim<\/strong> voor kinderen die Frans leren op de basisschool (tussen 6 en 12 jaar).<\/div>\n<\/li>\n<li>\n<div><strong>DELF Junior<\/strong> voor adolescenten die Frans leren op de middelbare school (tussen 12 en 17 jaar).<\/div>\n<\/li>\n<\/ul>\n<\/div>[\/vc_column_inner][vc_column_inner width=&#8221;1\/3&#8243; offset=&#8221;vc_hidden-xs&#8221;]<div class=\"clearboth\"><\/div><style>#thegem-divider-69f5e90fd1a66 {margin-top: 30px !important;}<\/style><div id=\"thegem-divider-69f5e90fd1a66\" class=\"gem-divider  \" style=\"\" ><\/div>[vc_single_image image=&#8221;504853&#8243; img_size=&#8221;medium&#8221; alignment=&#8221;center&#8221; css=&#8221;&#8221;]<div class=\"clearboth\"><\/div><style>#thegem-divider-69f5e90fd1ab2 {margin-top: 30px !important;}<\/style><div id=\"thegem-divider-69f5e90fd1ab2\" class=\"gem-divider  \" style=\"\" ><\/div>[\/vc_column_inner][\/vc_row_inner][vc_empty_space height=&#8221;64px&#8221;][vc_tta_accordion section_title_tag=&#8221;h2&#8243; style=&#8221;outline&#8221; c_icon=&#8221;triangle&#8221; active_section=&#8221;0&#8243; css_animation=&#8221;slideInDown&#8221; collapsible_all=&#8221;true&#8221;][vc_tta_section title=&#8221;Klik om de examenagenda te bekijken&#8221; tab_id=&#8221;1751012506508-27f59ae7-963e&#8221;][vc_column_text css=&#8221;&#8221; css_animation=&#8221;top-to-bottom&#8221;]<\/p>\n<div style=\"position: relative; width: 100%; height: 0; padding-top: 100.0000%; padding-bottom: 0; box-shadow: 0 2px 8px 0 rgba(63,69,81,0.16); margin-top: 1.6em; margin-bottom: 0.9em; overflow: hidden; border-radius: 8px; will-change: transform;\"><iframe style=\"position: absolute; width: 100%; height: 100%; top: 0; left: 0; border: none; padding: 0; margin: 0;\" src=\"https:\/\/www.canva.com\/design\/DAF5-MFOGzc\/view?embed\" allowfullscreen=\"allowfullscreen\"><span data-mce-type=\"bookmark\" style=\"display: inline-block; width: 0px; overflow: hidden; line-height: 0;\" class=\"mce_SELRES_start\">\ufeff<\/span><\/iframe><\/div>\n<p>[\/vc_column_text][\/vc_tta_section][\/vc_tta_accordion][vc_empty_space][vc_empty_space][\/vc_column][\/vc_row][vc_row][vc_column width=&#8221;1\/6&#8243;][\/vc_column][vc_column width=&#8221;2\/3&#8243;][vc_empty_space][vc_column_text css=&#8221;&#8221;]<\/p>\n<p data-start=\"86\" data-end=\"131\">De vermelde tijden hebben uitsluitend betrekking op de <strong>gezamenlijke onderdelen<\/strong>. Deze worden gevolgd door de <strong>individuele onderdelen<\/strong>, die na de gezamenlijke onderdelen worden georganiseerd volgens een voorlopig schema dat zal worden meegestuurd met de oproep (ongeveer een week v\u00f3\u00f3r de examens).<\/p>\n<p><\/p>\n<div>De data en tijden van de gezamenlijke onderdelen worden vastgesteld door een <strong>nationaal examenrooster<\/strong> en kunnen <strong>in geen geval worden gewijzigd<\/strong>. Voor specifieke verzoeken kunt u contact opnemen via: <strong>examens@aflahaye.nl<\/strong><\/div>\n<p><\/p>\n<p data-start=\"647\" data-end=\"724\">\u00a0<\/p>\n<p>[\/vc_column_text][vc_empty_space][vc_empty_space][\/vc_column][vc_column width=&#8221;1\/6&#8243;][\/vc_column][\/vc_row][vc_row][vc_column][\/vc_column][\/vc_row][vc_row css=&#8221;.vc_custom_1765967920920{background-image: url(https:\/\/www.aflahaye.nl\/wp-content\/uploads\/2025\/12\/1-scaled.png?id=509236) !important;background-position: center !important;background-repeat: no-repeat !important;background-size: cover !important;}&#8221;][vc_column width=&#8221;1\/4&#8243; css=&#8221;.vc_custom_1765968929715{background-color: #FFFFFFFC !important;}&#8221;][vc_column_text css=&#8221;&#8221;]<\/p>\n<h4>DELF\/DALF<\/h4>\n<p>[\/vc_column_text][vc_empty_space][vc_empty_space][vc_column_text]<\/p>\n<p align=\"center\">Het Diploma voor Studies in de Franse Taal (DELF) en het Gevorderd Diploma in de Franse Taal (DALF) worden uitgereikt door het Franse Ministerie van Onderwijs.<\/p>\n<p>[\/vc_column_text][vc_empty_space][vc_column_text]<\/p>\n<div class=\"styled-subtitle\" align=\"center\">Levenslang geldig!<\/div>\n<p>[\/vc_column_text][vc_empty_space]<div class=\"gem-button-container gem-button-position-inline thegem-button-69f5e90fd1b988521    \"  ><a title=\"Le DELF DALF tout public\" class=\"gem-button gem-button-size-small gem-button-style-flat gem-button-text-weight-normal\" data-ll-effect=\"drop-right-without-wrap\" style=\"border-radius: 3px;\" onmouseleave=\"\" onmouseenter=\"\" href=\"https:\/\/www.aflahaye.nl\/le-delf-dalf-tout-public\/\" target=\"_self\">DELF DALF algemeen publiek<\/a><\/div> [vc_empty_space][\/vc_column][vc_column width=&#8221;3\/4&#8243;][vc_empty_space css=&#8221;.vc_custom_1765968684452{background-color: #FFFFFF !important;}&#8221;][vc_single_image image=&#8221;474120&#8243; img_size=&#8221;medium&#8221; alignment=&#8221;center&#8221; css=&#8221;.vc_custom_1765968814645{margin-bottom: 0px !important;background-color: #FFFFFF !important;}&#8221;][vc_empty_space css=&#8221;.vc_custom_1765968693077{background-color: #FFFFFF !important;}&#8221;][vc_empty_space][vc_tta_accordion section_title_tag=&#8221;h2&#8243; style=&#8221;outline&#8221; c_icon=&#8221;triangle&#8221; active_section=&#8221;0&#8243; css_animation=&#8221;slideInDown&#8221; collapsible_all=&#8221;true&#8221;][vc_tta_section title=&#8221;Inschrijven voor de DELF\/DALF tout public sessie maart&#8221; tab_id=&#8221;1770829007848-832e60e2-5fb2&#8243;][vc_raw_html]PHA+W2FlY19leGFtaW5hdGlvbl90eXBlX2xpc3QgZXhhbWluYXRpb24tdHlwZS1pZHM9IjF8MTF8MTJ8MTN8MTR8MTUiXTwvcD4=[\/vc_raw_html][\/vc_tta_section][\/vc_tta_accordion][vc_tta_accordion section_title_tag=&#8221;h2&#8243; style=&#8221;outline&#8221; c_icon=&#8221;triangle&#8221; active_section=&#8221;0&#8243; css_animation=&#8221;slideInDown&#8221; collapsible_all=&#8221;true&#8221;][vc_tta_section title=&#8221;Inschrijven voor de DELF\/DALF tout public sessie juni&#8221; tab_id=&#8221;1770829097182-b4305e4c-21ac&#8221;][vc_raw_html]PHA+W2FlY19leGFtaW5hdGlvbl90eXBlX2xpc3QgZXhhbWluYXRpb24tdHlwZS1pZHM9IjY1fDY2fDY3fDY4fDY5fDcwIl08L3A+[\/vc_raw_html][\/vc_tta_section][\/vc_tta_accordion][vc_tta_accordion section_title_tag=&#8221;h2&#8243; style=&#8221;outline&#8221; c_icon=&#8221;triangle&#8221; active_section=&#8221;0&#8243; css_animation=&#8221;slideInDown&#8221; collapsible_all=&#8221;true&#8221;][vc_tta_section title=&#8221;Inschrijven voor de DELF\/DALF tout public sessie november&#8221; tab_id=&#8221;1770829130853-d6bfb48b-7516&#8243;][vc_raw_html]PHA+W2FlY19leGFtaW5hdGlvbl90eXBlX2xpc3QgZXhhbWluYXRpb24tdHlwZS1pZHM9Ijc3fDc4fDc5fDgwfDgxfDgyIl08L3A+[\/vc_raw_html][\/vc_tta_section][\/vc_tta_accordion][vc_empty_space][\/vc_column][\/vc_row][vc_row][vc_column][\/vc_column][\/vc_row][vc_row css=&#8221;.vc_custom_1765968042485{background-image: url(https:\/\/www.aflahaye.nl\/wp-content\/uploads\/2025\/12\/2-scaled.png?id=509239) !important;background-position: center !important;background-repeat: no-repeat !important;background-size: cover !important;}&#8221;][vc_column width=&#8221;1\/4&#8243; css=&#8221;.vc_custom_1765968905915{background-color: #FFFFFFFC !important;}&#8221;][vc_column_text css=&#8221;&#8221;]<\/p>\n<h4>DELF JUNIOR<\/h4>\n<p>[\/vc_column_text][vc_empty_space][vc_empty_space][vc_column_text]<\/p>\n<div class=\"styled-subtitle\" align=\"center\">Leert uw kind Frans op de middelbare school?<\/div>\n<p>[\/vc_column_text][vc_empty_space][vc_column_text]<\/p>\n<p align=\"center\">Geef uw kind de kans om een diploma van het Franse ministerie van Onderwijs te behalen: schrijf hem\/haar in voor het DELF Junior!<\/p>\n<p>[\/vc_column_text]<div class=\"gem-button-container gem-button-position-inline thegem-button-69f5e90fd1c855116    \"  ><a title=\"Le DELF DALF junior\" class=\"gem-button gem-button-size-small gem-button-style-flat gem-button-text-weight-normal\" data-ll-effect=\"drop-right-without-wrap\" style=\"border-radius: 3px;\" onmouseleave=\"\" onmouseenter=\"\" href=\"https:\/\/www.aflahaye.nl\/le-delf-junior\/\" target=\"_self\">DELF junior<\/a><\/div> [vc_empty_space][\/vc_column][vc_column width=&#8221;3\/4&#8243;][vc_empty_space css=&#8221;.vc_custom_1765968684452{background-color: #FFFFFF !important;}&#8221;][vc_single_image image=&#8221;474117&#8243; img_size=&#8221;medium&#8221; alignment=&#8221;center&#8221; css=&#8221;.vc_custom_1765968676309{margin-bottom: 0px !important;background-color: #FFFFFF !important;}&#8221;][vc_empty_space css=&#8221;.vc_custom_1765968693077{background-color: #FFFFFF !important;}&#8221;][vc_empty_space][vc_tta_accordion section_title_tag=&#8221;h2&#8243; style=&#8221;outline&#8221; c_icon=&#8221;triangle&#8221; active_section=&#8221;0&#8243; css_animation=&#8221;slideInDown&#8221; collapsible_all=&#8221;true&#8221;][vc_tta_section title=&#8221;Inschrijven voor de DELF Junior-sessie april&#8221; tab_id=&#8221;1770829248754-0aea79c0-fa86&#8243;][vc_raw_html]PHA+W2FlY19leGFtaW5hdGlvbl90eXBlX2xpc3QgZXhhbWluYXRpb24tdHlwZS1pZHM9IjQ0fDQ1fDQ2fDQ3Il08L3A+[\/vc_raw_html][\/vc_tta_section][\/vc_tta_accordion][vc_tta_accordion section_title_tag=&#8221;h2&#8243; style=&#8221;outline&#8221; c_icon=&#8221;triangle&#8221; active_section=&#8221;0&#8243; css_animation=&#8221;slideInDown&#8221; collapsible_all=&#8221;true&#8221;][vc_tta_section title=&#8221;Inschrijven voor de DELF Junior-sessie OCTOBER &#8221; tab_id=&#8221;1770829299437-9fa04b7c-f7c6&#8243;][vc_raw_html css=&#8221;&#8221;]PHA+W2FlY19leGFtaW5hdGlvbl90eXBlX2xpc3QgZXhhbWluYXRpb24tdHlwZS1pZHM9Ijg0fDg1fDg2fDg3Il08L3A+[\/vc_raw_html][\/vc_tta_section][\/vc_tta_accordion][vc_empty_space][\/vc_column][\/vc_row][vc_row][vc_column][\/vc_column][\/vc_row][vc_row css=&#8221;.vc_custom_1765968192409{background-image: url(https:\/\/www.aflahaye.nl\/wp-content\/uploads\/2025\/12\/3-scaled.png?id=509242) !important;}&#8221;][vc_column width=&#8221;1\/4&#8243; css=&#8221;.vc_custom_1765968918641{background-color: #FFFFFFFC !important;}&#8221;][vc_column_text css=&#8221;&#8221;]<\/p>\n<h4>DELF PRIM<\/h4>\n<p>[\/vc_column_text][vc_empty_space][vc_empty_space][vc_column_text]<\/p>\n<div class=\"styled-subtitle\" align=\"center\">Leert uw kind Frans op de basisschool?<\/div>\n<p>[\/vc_column_text][vc_empty_space][vc_column_text]<\/p>\n<p align=\"center\">Geef uw kind de kans om een eerste diploma van het Franse ministerie van Onderwijs te behalen: schrijf hem\/haar in voor het DELF Prim!<\/p>\n<p>[\/vc_column_text]<div class=\"gem-button-container gem-button-position-inline thegem-button-69f5e90fd1d193334    \"  ><a title=\"Le DELF DALF junior\" class=\"gem-button gem-button-size-small gem-button-style-flat gem-button-text-weight-normal\" data-ll-effect=\"drop-right-without-wrap\" style=\"border-radius: 3px;\" onmouseleave=\"\" onmouseenter=\"\" href=\"https:\/\/www.aflahaye.nl\/delf-prim\/\" target=\"_self\">DELF Prim<\/a><\/div> [vc_empty_space][\/vc_column][vc_column width=&#8221;3\/4&#8243;][vc_empty_space css=&#8221;.vc_custom_1765968684452{background-color: #FFFFFF !important;}&#8221;][vc_single_image image=&#8221;474114&#8243; img_size=&#8221;medium&#8221; alignment=&#8221;center&#8221; css=&#8221;.vc_custom_1765968979064{margin-bottom: 0px !important;background-color: #FFFFFF !important;}&#8221;][vc_empty_space css=&#8221;.vc_custom_1765968684452{background-color: #FFFFFF !important;}&#8221;][vc_empty_space][vc_tta_accordion section_title_tag=&#8221;h2&#8243; style=&#8221;outline&#8221; c_icon=&#8221;triangle&#8221; active_section=&#8221;0&#8243; css_animation=&#8221;slideInDown&#8221; collapsible_all=&#8221;true&#8221;][vc_tta_section title=&#8221;Inschrijven voor de DELF Prim-sessie mei&#8221; tab_id=&#8221;1770829335611-98a4d3df-8850&#8243;][vc_raw_html css=&#8221;&#8221;]PHA+W2FlY19leGFtaW5hdGlvbl90eXBlX2xpc3QgZXhhbWluYXRpb24tdHlwZS1pZHM9IjZ8NXw0Il08L3A+[\/vc_raw_html][\/vc_tta_section][\/vc_tta_accordion][vc_tta_accordion section_title_tag=&#8221;h2&#8243; style=&#8221;outline&#8221; c_icon=&#8221;triangle&#8221; active_section=&#8221;0&#8243; css_animation=&#8221;slideInDown&#8221; collapsible_all=&#8221;true&#8221;][vc_tta_section title=&#8221;Inschrijven voor de DELF Prim-sessie december&#8221; tab_id=&#8221;1770829365638-08324d7e-5817&#8243;][vc_raw_html css=&#8221;&#8221;]PHA+W2FlY19leGFtaW5hdGlvbl90eXBlX2xpc3QgZXhhbWluYXRpb24tdHlwZS1pZHM9Ijk1fDk2fDk3Il08L3A+[\/vc_raw_html][\/vc_tta_section][\/vc_tta_accordion][\/vc_column][\/vc_row][vc_row][vc_column width=&#8221;2\/3&#8243;][vc_column_text css=&#8221;&#8221;]<\/p>\n<h5>TER VOORBEREIDING<\/h5>\n<p>[\/vc_column_text][vc_raw_html css=&#8221;&#8221;]PGRpdiBzdHlsZT0icG9zaXRpb246IHJlbGF0aXZlOyB3aWR0aDogMTAwJTsgaGVpZ2h0OiAwOyBwYWRkaW5nLXRvcDogMTI1LjAwMDAlOyBwYWRkaW5nLWJvdHRvbTogMDsgYm94LXNoYWRvdzogMCAycHggOHB4IDAgcmdiYSg2Myw2OSw4MSwwLjE2KTsgbWFyZ2luLXRvcDogMS42ZW07IG1hcmdpbi1ib3R0b206IDAuOWVtOyBvdmVyZmxvdzogaGlkZGVuOyBib3JkZXItcmFkaXVzOiA4cHg7IHdpbGwtY2hhbmdlOiB0cmFuc2Zvcm07Ij48aWZyYW1lIHN0eWxlPSJwb3NpdGlvbjogYWJzb2x1dGU7IHdpZHRoOiAxMDAlOyBoZWlnaHQ6IDEwMCU7IHRvcDogMDsgbGVmdDogMDsgYm9yZGVyOiBub25lOyBwYWRkaW5nOiAwOyBtYXJnaW46IDA7IiBzcmM9Imh0dHBzOi8vd3d3LmNhbnZhLmNvbS9kZXNpZ24vREFGbHNpSU9HbjAvZ3JHb2pkV2FEOHNEenU1Wm1uODhLZy92aWV3P2VtYmVkIiBhbGxvd2Z1bGxzY3JlZW49ImFsbG93ZnVsbHNjcmVlbiI+PC9pZnJhbWU+PC9kaXY+[\/vc_raw_html][\/vc_column][vc_column width=&#8221;1\/3&#8243;][vc_empty_space][vc_empty_space][vc_column_text css_animation=&#8221;top-to-bottom&#8221;]<\/p>\n<p>Profiteer van de ervaring en expertise van het team van de Alliance Fran\u00e7aise Den Haag om uw DELF\/DALF optimaal voor te bereiden. Zo kunt u dit diploma laten gelden in het kader van uw studie of werk. Vergroot uw kans op succes bij de verschillende onderdelen en streef naar betere resultaten! Wij kunnen u ook begeleiden als u van plan bent een TCF- of TEF-test af te leggen of een DFP-diploma te behalen via een individuele voorbereiding. Daarnaast bieden wij trainingsprogramma\u2019s aan op de platforms PrepMyFuture en GlobalExam.<\/p>\n<p>[\/vc_column_text][vc_empty_space][vc_btn title=&#8221;Bekijk onze voorbereidingsruimte&#8221; css=&#8221;&#8221; link=&#8221;url:https%3A%2F%2Fwww.aflahaye.nl%2Fnl%2Fdiplomes-tests%2Fvoorbereiding-op-delf-dalf%2F|title:Voorbereiding%20op%20de%20examens%20DELF%2FDALF%20%E2%80%93%20TCF%20%E2%80%93%20TEF%20%E2%80%93%20DFP|&#8221;][vc_empty_space][\/vc_column][\/vc_row]<\/p>\n<\/div>","protected":false},"excerpt":{"rendered":"<p>[vc_row disable_custom_paddings_mobile=&#8221;true&#8221; css=&#8221;.vc_custom_1570088703465{margin-top: -10px !important;margin-bottom: 0px !important;}&#8221; el_id=&#8221;details&#8221;][vc_column][vc_column_text css=&#8221;&#8221; css_animation=&#8221;top-to-bottom&#8221;] De diploma\u2019s DELF, DALF, DELF JUNIOR, DELF PRIM [\/vc_column_text][vc_row_inner equal_height=&#8221;yes&#8221;][vc_column_inner&#8230;<\/p>\n","protected":false},"author":1,"featured_media":0,"parent":39181,"menu_order":0,"comment_status":"closed","ping_status":"closed","template":"","meta":{"footnotes":""},"class_list":["post-506444","page","type-page","status-publish"],"jetpack_sharing_enabled":true,"_links":{"self":[{"href":"https:\/\/www.aflahaye.nl\/nl\/wp-json\/wp\/v2\/pages\/506444","targetHints":{"allow":["GET"]}}],"collection":[{"href":"https:\/\/www.aflahaye.nl\/nl\/wp-json\/wp\/v2\/pages"}],"about":[{"href":"https:\/\/www.aflahaye.nl\/nl\/wp-json\/wp\/v2\/types\/page"}],"author":[{"embeddable":true,"href":"https:\/\/www.aflahaye.nl\/nl\/wp-json\/wp\/v2\/users\/1"}],"replies":[{"embeddable":true,"href":"https:\/\/www.aflahaye.nl\/nl\/wp-json\/wp\/v2\/comments?post=506444"}],"version-history":[{"count":53,"href":"https:\/\/www.aflahaye.nl\/nl\/wp-json\/wp\/v2\/pages\/506444\/revisions"}],"predecessor-version":[{"id":511062,"href":"https:\/\/www.aflahaye.nl\/nl\/wp-json\/wp\/v2\/pages\/506444\/revisions\/511062"}],"up":[{"embeddable":true,"href":"https:\/\/www.aflahaye.nl\/nl\/wp-json\/wp\/v2\/pages\/39181"}],"wp:attachment":[{"href":"https:\/\/www.aflahaye.nl\/nl\/wp-json\/wp\/v2\/media?parent=506444"}],"curies":[{"name":"wp","href":"https:\/\/api.w.org\/{rel}","templated":true}]}}