{"id":508043,"date":"2025-07-25T17:43:58","date_gmt":"2025-07-25T15:43:58","guid":{"rendered":"https:\/\/www.aflahaye.nl\/?page_id=508043"},"modified":"2025-07-25T17:46:55","modified_gmt":"2025-07-25T15:46:55","slug":"le-delf","status":"publish","type":"page","link":"https:\/\/www.aflahaye.nl\/nl\/le-delf\/","title":{"rendered":"Le DELF"},"content":{"rendered":"\n<figure class=\"wp-block-gallery has-nested-images columns-default is-cropped wp-block-gallery-1 is-layout-flex wp-block-gallery-is-layout-flex\">\n<figure class=\"wp-block-image size-large\"><img width=\"1024\" height=\"1024\" data-id=\"508038\" src=\"https:\/\/www.aflahaye.nl\/wp-content\/uploads\/2025\/07\/Visuels-Examens-Site-internet-Carre-2-1024x1024.png\" alt=\"\" class=\"wp-image-508038\" srcset=\"https:\/\/www.aflahaye.nl\/wp-content\/uploads\/2025\/07\/Visuels-Examens-Site-internet-Carre-2-1024x1024.png 1024w, https:\/\/www.aflahaye.nl\/wp-content\/uploads\/2025\/07\/Visuels-Examens-Site-internet-Carre-2-300x300.png 300w, https:\/\/www.aflahaye.nl\/wp-content\/uploads\/2025\/07\/Visuels-Examens-Site-internet-Carre-2-150x150.png 150w, https:\/\/www.aflahaye.nl\/wp-content\/uploads\/2025\/07\/Visuels-Examens-Site-internet-Carre-2-768x768.png 768w, https:\/\/www.aflahaye.nl\/wp-content\/uploads\/2025\/07\/Visuels-Examens-Site-internet-Carre-2-256x256.png 256w, https:\/\/www.aflahaye.nl\/wp-content\/uploads\/2025\/07\/Visuels-Examens-Site-internet-Carre-2.png 1080w\" sizes=\"(max-width: 1024px) 100vw, 1024px\" \/><\/figure>\n\n\n\n<figure class=\"wp-block-image size-large\"><img width=\"1024\" height=\"1024\" data-id=\"508001\" src=\"https:\/\/www.aflahaye.nl\/wp-content\/uploads\/2025\/07\/Visuels-Examens-Site-internet-Carre-1-1024x1024.png\" alt=\"\" class=\"wp-image-508001\" srcset=\"https:\/\/www.aflahaye.nl\/wp-content\/uploads\/2025\/07\/Visuels-Examens-Site-internet-Carre-1-1024x1024.png 1024w, https:\/\/www.aflahaye.nl\/wp-content\/uploads\/2025\/07\/Visuels-Examens-Site-internet-Carre-1-300x300.png 300w, https:\/\/www.aflahaye.nl\/wp-content\/uploads\/2025\/07\/Visuels-Examens-Site-internet-Carre-1-150x150.png 150w, https:\/\/www.aflahaye.nl\/wp-content\/uploads\/2025\/07\/Visuels-Examens-Site-internet-Carre-1-768x768.png 768w, https:\/\/www.aflahaye.nl\/wp-content\/uploads\/2025\/07\/Visuels-Examens-Site-internet-Carre-1-256x256.png 256w, https:\/\/www.aflahaye.nl\/wp-content\/uploads\/2025\/07\/Visuels-Examens-Site-internet-Carre-1.png 1080w\" sizes=\"(max-width: 1024px) 100vw, 1024px\" \/><\/figure>\n\n\n\n<figure class=\"wp-block-image size-large\"><img width=\"1024\" height=\"1024\" data-id=\"507980\" src=\"https:\/\/www.aflahaye.nl\/wp-content\/uploads\/2025\/07\/Visuels-Examens-Site-internet-Carre-1024x1024.png\" alt=\"\" class=\"wp-image-507980\" srcset=\"https:\/\/www.aflahaye.nl\/wp-content\/uploads\/2025\/07\/Visuels-Examens-Site-internet-Carre-1024x1024.png 1024w, https:\/\/www.aflahaye.nl\/wp-content\/uploads\/2025\/07\/Visuels-Examens-Site-internet-Carre-300x300.png 300w, https:\/\/www.aflahaye.nl\/wp-content\/uploads\/2025\/07\/Visuels-Examens-Site-internet-Carre-150x150.png 150w, https:\/\/www.aflahaye.nl\/wp-content\/uploads\/2025\/07\/Visuels-Examens-Site-internet-Carre-768x768.png 768w, https:\/\/www.aflahaye.nl\/wp-content\/uploads\/2025\/07\/Visuels-Examens-Site-internet-Carre-256x256.png 256w, https:\/\/www.aflahaye.nl\/wp-content\/uploads\/2025\/07\/Visuels-Examens-Site-internet-Carre.png 1080w\" sizes=\"(max-width: 1024px) 100vw, 1024px\" \/><\/figure>\n<\/figure>\n\n\n<h2 data-start=\"164\" data-end=\"216\"><strong data-start=\"167\" data-end=\"214\">DELF \u2013 Dipl\u00f4me d\u2019\u00c9tudes en Langue Fran\u00e7aise<\/strong><\/h2>\n<p data-start=\"217\" data-end=\"533\">Le DELF est un dipl\u00f4me officiel d\u00e9livr\u00e9 par le minist\u00e8re fran\u00e7ais de l\u2019\u00c9ducation nationale. Il certifie les comp\u00e9tences en fran\u00e7ais langue \u00e9trang\u00e8re selon les niveaux du Cadre europ\u00e9en commun de r\u00e9f\u00e9rence pour les langues (CECRL), de <strong data-start=\"451\" data-end=\"462\">A1 \u00e0 B2<\/strong>.<br data-start=\"463\" data-end=\"466\" \/>Ce dipl\u00f4me est <strong data-start=\"481\" data-end=\"511\">reconnu internationalement<\/strong> et <strong data-start=\"515\" data-end=\"532\">valable \u00e0 vie<\/strong>.<\/p>\n<h3 data-start=\"535\" data-end=\"575\"><strong data-start=\"539\" data-end=\"575\">Les diff\u00e9rentes versions du DELF<\/strong><\/h3>\n<p data-start=\"577\" data-end=\"664\">Le DELF se d\u00e9cline en plusieurs versions, adapt\u00e9es \u00e0 l\u2019\u00e2ge et au profil des candidats :<\/p>\n<hr data-start=\"666\" data-end=\"669\" \/>\n<h3 data-start=\"671\" data-end=\"700\">\ud83d\udd39 <strong data-start=\"678\" data-end=\"698\">DELF Tout Public<\/strong><\/h3>\n<p data-start=\"701\" data-end=\"903\">Pour les adolescents, \u00e9tudiants ou adultes souhaitant faire reconna\u00eetre leur niveau de fran\u00e7ais pour des raisons personnelles, universitaires ou professionnelles.<br data-start=\"863\" data-end=\"866\" \/><strong data-start=\"866\" data-end=\"903\">Niveaux propos\u00e9s : A1, A2, B1, B2<\/strong><\/p>\n<hr data-start=\"905\" data-end=\"908\" \/>\n<h3 data-start=\"910\" data-end=\"934\">\ud83d\udd39 <strong data-start=\"917\" data-end=\"932\">DELF Junior<\/strong><\/h3>\n<p data-start=\"935\" data-end=\"1170\">Con\u00e7u pour les adolescents de <strong data-start=\"965\" data-end=\"980\">12 \u00e0 17 ans<\/strong>, le DELF Junior propose des sujets adapt\u00e9s \u00e0 leurs centres d\u2019int\u00e9r\u00eat, tout en conservant la m\u00eame structure et la m\u00eame valeur que le DELF Tout Public.<br data-start=\"1130\" data-end=\"1133\" \/><strong data-start=\"1133\" data-end=\"1170\">Niveaux propos\u00e9s : A1, A2, B1, B2<\/strong><\/p>\n<hr data-start=\"1172\" data-end=\"1175\" \/>\n<h3 data-start=\"1177\" data-end=\"1199\">\ud83d\udd39 <strong data-start=\"1184\" data-end=\"1197\">DELF Prim<\/strong><\/h3>\n<p data-start=\"1200\" data-end=\"1403\">Destin\u00e9 aux <strong data-start=\"1212\" data-end=\"1237\">enfants de 7 \u00e0 12 ans<\/strong>, le DELF Prim propose des \u00e9preuves ludiques et accessibles, centr\u00e9es sur des situations de communication de la vie quotidienne.<br data-start=\"1365\" data-end=\"1368\" \/><strong data-start=\"1368\" data-end=\"1403\">Niveaux propos\u00e9s : A1.1, A1, A2<\/strong><\/p>\n<hr data-start=\"1405\" data-end=\"1408\" \/>\n<h3 data-start=\"1410\" data-end=\"1431\">\ud83d\udd39 <strong data-start=\"1417\" data-end=\"1429\">DELF Pro<\/strong><\/h3>\n<p data-start=\"1432\" data-end=\"1645\">Con\u00e7u pour les personnes engag\u00e9es dans un parcours professionnel ou en recherche d\u2019emploi, le DELF Pro \u00e9value les comp\u00e9tences en fran\u00e7ais dans un <strong data-start=\"1578\" data-end=\"1604\">contexte professionnel<\/strong>.<br data-start=\"1605\" data-end=\"1608\" \/><strong data-start=\"1608\" data-end=\"1645\">Niveaux propos\u00e9s : A1, A2, B1, B2<\/strong><\/p>\n<hr data-start=\"1647\" data-end=\"1650\" \/>\n<h3 data-start=\"1652\" data-end=\"1683\"><strong data-start=\"1656\" data-end=\"1681\">Structure de l\u2019examen<\/strong><\/h3>\n<p data-start=\"1684\" data-end=\"1754\">Chaque version du DELF \u00e9value les <strong data-start=\"1718\" data-end=\"1752\">quatre comp\u00e9tences langagi\u00e8res<\/strong> :<\/p>\n<ul data-start=\"1756\" data-end=\"1861\">\n<li data-start=\"1756\" data-end=\"1783\">\n<p data-start=\"1758\" data-end=\"1783\"><strong data-start=\"1758\" data-end=\"1781\">Compr\u00e9hension orale<\/strong><\/p>\n<\/li>\n<li data-start=\"1784\" data-end=\"1812\">\n<p data-start=\"1786\" data-end=\"1812\"><strong data-start=\"1786\" data-end=\"1810\">Compr\u00e9hension \u00e9crite<\/strong><\/p>\n<\/li>\n<li data-start=\"1813\" data-end=\"1838\">\n<p data-start=\"1815\" data-end=\"1838\"><strong data-start=\"1815\" data-end=\"1836\">Production \u00e9crite<\/strong><\/p>\n<\/li>\n<li data-start=\"1839\" data-end=\"1861\">\n<p data-start=\"1841\" data-end=\"1861\"><strong data-start=\"1841\" data-end=\"1861\">Production orale<\/strong><\/p>\n<\/li>\n<\/ul>\n<hr data-start=\"1863\" data-end=\"1866\" \/>\n<h3 data-start=\"1868\" data-end=\"1903\"><strong data-start=\"1872\" data-end=\"1901\">Pourquoi passer le DELF ?<\/strong><\/h3>\n<ul data-start=\"1904\" data-end=\"2067\">\n<li data-start=\"1904\" data-end=\"1951\">\n<p data-start=\"1906\" data-end=\"1951\">Dipl\u00f4me officiel, reconnu \u00e0 l\u2019international<\/p>\n<\/li>\n<li data-start=\"1952\" data-end=\"2004\">\n<p data-start=\"1954\" data-end=\"2004\">Atout pour les \u00e9tudes, le travail ou la mobilit\u00e9<\/p>\n<\/li>\n<li data-start=\"2005\" data-end=\"2041\">\n<p data-start=\"2007\" data-end=\"2041\">Adapt\u00e9 \u00e0 chaque profil et niveau<\/p>\n<\/li>\n<li data-start=\"2042\" data-end=\"2067\">\n<p data-start=\"2044\" data-end=\"2067\"><strong data-start=\"2044\" data-end=\"2067\">Validit\u00e9 permanente<\/strong><\/p>\n<\/li>\n<\/ul>\n<hr data-start=\"2069\" data-end=\"2072\" \/>\n<h3 data-start=\"2074\" data-end=\"2107\"><strong data-start=\"2078\" data-end=\"2105\">Sessions et pr\u00e9paration<\/strong><\/h3>\n<p data-start=\"2108\" data-end=\"2345\">Notre centre organise r\u00e9guli\u00e8rement des sessions d\u2019examen pour toutes les versions du DELF. Des <strong data-start=\"2204\" data-end=\"2231\">ateliers de pr\u00e9paration<\/strong> sont propos\u00e9s avant chaque session pour se familiariser avec le format des \u00e9preuves et renforcer ses comp\u00e9tences.<\/p>\n<p>\u00a0<\/p>","protected":false},"excerpt":{"rendered":"<p>DELF \u2013 Dipl\u00f4me d\u2019\u00c9tudes en Langue Fran\u00e7aise Le DELF est un dipl\u00f4me officiel d\u00e9livr\u00e9 par le minist\u00e8re fran\u00e7ais de l\u2019\u00c9ducation&#8230;<\/p>\n","protected":false},"author":6619,"featured_media":0,"parent":0,"menu_order":0,"comment_status":"closed","ping_status":"closed","template":"","meta":{"footnotes":""},"class_list":["post-508043","page","type-page","status-publish"],"jetpack_sharing_enabled":true,"_links":{"self":[{"href":"https:\/\/www.aflahaye.nl\/nl\/wp-json\/wp\/v2\/pages\/508043","targetHints":{"allow":["GET"]}}],"collection":[{"href":"https:\/\/www.aflahaye.nl\/nl\/wp-json\/wp\/v2\/pages"}],"about":[{"href":"https:\/\/www.aflahaye.nl\/nl\/wp-json\/wp\/v2\/types\/page"}],"author":[{"embeddable":true,"href":"https:\/\/www.aflahaye.nl\/nl\/wp-json\/wp\/v2\/users\/6619"}],"replies":[{"embeddable":true,"href":"https:\/\/www.aflahaye.nl\/nl\/wp-json\/wp\/v2\/comments?post=508043"}],"version-history":[{"count":2,"href":"https:\/\/www.aflahaye.nl\/nl\/wp-json\/wp\/v2\/pages\/508043\/revisions"}],"predecessor-version":[{"id":508046,"href":"https:\/\/www.aflahaye.nl\/nl\/wp-json\/wp\/v2\/pages\/508043\/revisions\/508046"}],"wp:attachment":[{"href":"https:\/\/www.aflahaye.nl\/nl\/wp-json\/wp\/v2\/media?parent=508043"}],"curies":[{"name":"wp","href":"https:\/\/api.w.org\/{rel}","templated":true}]}}